{"id":124,"date":"2020-02-28T08:41:57","date_gmt":"2020-02-28T07:41:57","guid":{"rendered":"https:\/\/ernest-altes.net\/?page_id=124"},"modified":"2025-11-05T08:35:55","modified_gmt":"2025-11-05T07:35:55","slug":"autobiographie","status":"publish","type":"page","link":"https:\/\/ernest-altes.net\/fr\/notes\/autobiographie\/","title":{"rendered":"Autobiographie"},"content":{"rendered":"\n\n\t<h1>\n\t\t\t\tAUTOBIOGRAHIE\n\t\t\t<\/h1>\n\t<p>Je suis n\u00e9 \u00e0 la fin de l&rsquo;automne 1956 \u00e0 Vic (Osona &#8211; Catalogne). Depuis mon enfance, j&rsquo;ai eu une relation avec la nature de mani\u00e8re assez globale : la mer (Llan\u00e7\u00e0, Cap de Creus&#8230;), campagne (Plana de Vic&#8230;) et la montagne (Les Guilleries, el Cabrer\u00e8s, el Pirineu&#8230;) ainsi que la agriculture et le b\u00e9tail (Horta de la Serra de Sant Ferm&#8230;).<\/p>\n<p>Je pars \u00e0 Barcelone pour aller au lyc\u00e9e.<\/p>\n<ul>\n<li>1966-68 : \u00c9cole Isabel de Villena.<\/li>\n<li>1969-73 : Escola Garb\u00ed.<\/li>\n<\/ul>\n<p>Tous deux ont une p\u00e9dagogie avanc\u00e9e et un sentiment profond du nationalisme catalan.<\/p>\n<p>La musique, la litt\u00e9rature et les arts plastiques jouent un r\u00f4le tr\u00e8s important dans l&rsquo;\u00e9ducation.<\/p>\n<p>Mon rapport \u00e0 la ville est lointain.<\/p>\n<p>Je r\u00e9alise les premi\u00e8res sculptures avec du verre arrondi par la mer et avec des troncs, des plumes et des feuilles.<\/p>\n<p>Je suis \u00e0 la premi\u00e8re grande crois\u00e9e de ma vie : choisir entre la musique (percussions) et les arts plastiques.<\/p>\n\t\t\t\t<a href=\"https:\/\/ernest-altes.net\/wp-content\/uploads\/2020\/03\/EA-BIOGRAFIA.jpg\" target=\"_self\"  itemprop=\"url\">\n\t\t\t\t<img decoding=\"async\" src=\"https:\/\/ernest-altes.net\/wp-content\/uploads\/bb-plugin\/cache\/EA-BIOGRAFIA-square.jpg\" alt=\"AUTOBIOGRAPHIE\" title=\"Autogiographie\" itemprop=\"image\"  \/>\n\t\t\t\t\t\t<\/a>\n<!-- If both -->\n\t<ul>\n\t\t\t\t<li>\n\t\t\t\t\t\t<!--date-->\n\t\t\t\t<!--Timeline-customcontent-->\n\t\t\t\t\t<p>1970<\/p>\n\t\t\t\t<!--\/.Timeline-customcontent-->\n\t\t\t<!--\/.date-->\n\t\t\t<!--icon-->\n\t\t\t<!--\/.icon-->\n\t\t\t<!--Timline-Content-->\n\t\t\t\t\t<!--Timline-Title-->\n\t\t\t\t\t\n\t\t\t\t\t<!--\/.Timline-Title-->\n\t\t\t\t\t<!--Timline-description-->\n\t\t\t\t\t<p>Voyage en famille en Italie : Milan, Florence, Pise et Venise. Je rentre en contact direct avec l&rsquo;art de la Renaissance italienne (bien qu&rsquo;aujourd&rsquo;hui je ne sois toujours pas capable de maitriser toute son ampleur)J&rsquo;entre en lien avec les chevaux de la main de l&rsquo;ami Pere Salgot.<\/p>\n\t\t\t\t\t<!--\/.Timline-description-->\n\t\t\t<!--\/.Timline-Content-->\n\t\t<\/li>\n\t\t\t\t<li>\n\t\t\t\t\t\t<!--date-->\n\t\t\t\t<!--Timeline-customcontent-->\n\t\t\t\t\t<p>1973<\/p>\n\t\t\t\t<!--\/.Timeline-customcontent-->\n\t\t\t<!--\/.date-->\n\t\t\t<!--icon-->\n\t\t\t<!--\/.icon-->\n\t\t\t<!--Timline-Content-->\n\t\t\t\t\t<!--Timline-Title-->\n\t\t\t\t\t\n\t\t\t\t\t<!--\/.Timline-Title-->\n\t\t\t\t\t<!--Timline-description-->\n\t\t\t\t\t<p>Mes parents me soutiennent pour ma pleine dedication\u00a0au monde de l&rsquo;art.Je visite les grottes d&rsquo;Altamira avec l&rsquo;ami Narc\u00eds Clavell.<\/p>\n\t\t\t\t\t<!--\/.Timline-description-->\n\t\t\t<!--\/.Timline-Content-->\n\t\t<\/li>\n\t\t\t\t<li>\n\t\t\t\t\t\t<!--date-->\n\t\t\t\t<!--Timeline-customcontent-->\n\t\t\t\t\t<p>1974<\/p>\n\t\t\t\t<!--\/.Timeline-customcontent-->\n\t\t\t<!--\/.date-->\n\t\t\t<!--icon-->\n\t\t\t<!--\/.icon-->\n\t\t\t<!--Timline-Content-->\n\t\t\t\t\t<!--Timline-Title-->\n\t\t\t\t\t\n\t\t\t\t\t<!--\/.Timline-Title-->\n\t\t\t\t\t<!--Timline-description-->\n\t\t\t\t\t<p>Le cours pr\u00e9paratoire \u00e0 l&rsquo;\u00e9cole de Massana \u00e9tait plus une formation humaniste que\u00a0artistique (professeur M.A. Rucabado).Je connais\u00a0l&rsquo;\u0153uvre sculpturale et litt\u00e9raire de l&rsquo;artiste Basc Oteiza.<\/p>\n\t\t\t\t\t<!--\/.Timline-description-->\n\t\t\t<!--\/.Timline-Content-->\n\t\t<\/li>\n\t\t\t\t<li>\n\t\t\t\t\t\t<!--date-->\n\t\t\t\t<!--Timeline-customcontent-->\n\t\t\t\t\t<p>1975<\/p>\n\t\t\t\t<!--\/.Timeline-customcontent-->\n\t\t\t<!--\/.date-->\n\t\t\t<!--icon-->\n\t\t\t<!--\/.icon-->\n\t\t\t<!--Timline-Content-->\n\t\t\t\t\t<!--Timline-Title-->\n\t\t\t\t\t\n\t\t\t\t\t<!--\/.Timline-Title-->\n\t\t\t\t\t<!--Timline-description-->\n\t\t\t\t\t<p>Je partage mon temps entre Mas Freixenet (Muntanyola-Osona) o\u00f9 j&rsquo;habiterai\u00a0jusqu&rsquo;en\u00a01992 et Olot o\u00f9 j&rsquo;\u00e9tudie la gravure\u00a0\u00e0 l&rsquo;\u00c9cole des Beaux-Arts avec le professeur\u00a0Vil\u00e0-Moncau.J&rsquo;ai\u00a0\u00e9tudi\u00e9 en profondeur l&rsquo;esth\u00e9tique tao\u00efste et j&rsquo;ai\u00a0lu l&rsquo;\u0153uvre compl\u00e8te de Herman Hesse. Recherche en sculpture sur la combinaison des mat\u00e9riaux trouv\u00e9s.<\/p>\n\t\t\t\t\t<!--\/.Timline-description-->\n\t\t\t<!--\/.Timline-Content-->\n\t\t<\/li>\n\t\t\t\t<li>\n\t\t\t\t\t\t<!--date-->\n\t\t\t\t<!--Timeline-customcontent-->\n\t\t\t\t\t<p>1976<\/p>\n\t\t\t\t<!--\/.Timeline-customcontent-->\n\t\t\t<!--\/.date-->\n\t\t\t<!--icon-->\n\t\t\t<!--\/.icon-->\n\t\t\t<!--Timline-Content-->\n\t\t\t\t\t<!--Timline-Title-->\n\t\t\t\t\t\n\t\t\t\t\t<!--\/.Timline-Title-->\n\t\t\t\t\t<!--Timline-description-->\n\t\t\t\t\t<p>J&rsquo;\u00e9tudie la technique du taille de\u00a0bois\u00a0\u00e0 l&rsquo;\u00e9cole Llotja de Barcelone.Visite en Egypte : Gizeh, Louxor, Assouan, Abou Simbel, G\u00e9ants de Memnon&#8230;, exp\u00e9rimentant pour la premi\u00e8re fois la sensation d&rsquo;espace total dans une oeuvre faite pour la main de l&rsquo;homme\u00a0et d\u00e9part de\u00a0ma\u00a0relation avec le Sahara.Je visite l&rsquo;Acropole d&rsquo;Ath\u00e8nes.<\/p>\n\t\t\t\t\t<!--\/.Timline-description-->\n\t\t\t<!--\/.Timline-Content-->\n\t\t<\/li>\n\t\t\t\t<li>\n\t\t\t\t\t\t<!--date-->\n\t\t\t\t<!--Timeline-customcontent-->\n\t\t\t\t\t<p>1977<\/p>\n\t\t\t\t<!--\/.Timeline-customcontent-->\n\t\t\t<!--\/.date-->\n\t\t\t<!--icon-->\n\t\t\t<!--\/.icon-->\n\t\t\t<!--Timline-Content-->\n\t\t\t\t\t<!--Timline-Title-->\n\t\t\t\t\t\n\t\t\t\t\t<!--\/.Timline-Title-->\n\t\t\t\t\t<!--Timline-description-->\n\t\t\t\t\t<p>Ma premi\u00e8re exposition publique \u00e0 la galerie \u00ab\u00a0La Tralla\u00a0\u00bb (Vic) : dessins et sculptures.Je commence \u00e0 travailler la forge avec le forgeron Ramon Serra \u00e0 Santa Eul\u00e0lia de Riuprimer (Osona).<\/p>\n\t\t\t\t\t<!--\/.Timline-description-->\n\t\t\t<!--\/.Timline-Content-->\n\t\t<\/li>\n\t\t\t\t<li>\n\t\t\t\t\t\t<!--date-->\n\t\t\t\t<!--Timeline-customcontent-->\n\t\t\t\t\t<p>1978<\/p>\n\t\t\t\t<!--\/.Timeline-customcontent-->\n\t\t\t<!--\/.date-->\n\t\t\t<!--icon-->\n\t\t\t<!--\/.icon-->\n\t\t\t<!--Timline-Content-->\n\t\t\t\t\t<!--Timline-Title-->\n\t\t\t\t\t\n\t\t\t\t\t<!--\/.Timline-Title-->\n\t\t\t\t\t<!--Timline-description-->\n\t\t\t\t\t<p>Ann\u00e9e v\u00e9cue \u00e0 Minorque o\u00f9 j&rsquo;incorpore la pierre \u00e0 mon travail qui d\u00e9cline absolument vers la sculpture.<\/p>\n\t\t\t\t\t<!--\/.Timline-description-->\n\t\t\t<!--\/.Timline-Content-->\n\t\t<\/li>\n\t\t\t\t<li>\n\t\t\t\t\t\t<!--date-->\n\t\t\t\t<!--Timeline-customcontent-->\n\t\t\t\t\t<p>1979<\/p>\n\t\t\t\t<!--\/.Timeline-customcontent-->\n\t\t\t<!--\/.date-->\n\t\t\t<!--icon-->\n\t\t\t<!--\/.icon-->\n\t\t\t<!--Timline-Content-->\n\t\t\t\t\t<!--Timline-Title-->\n\t\t\t\t\t\n\t\t\t\t\t<!--\/.Timline-Title-->\n\t\t\t\t\t<!--Timline-description-->\n\t\t\t\t\t<p>Ann\u00e9e v\u00e9cue au Mexique pour pr\u00e9parer une exposition \u00e0 la Galeria Pecanins. Je voyage au Guatemala, \u00e0 Oaxaca, au Yucatan, Barrancas delCobre, Chihuahua, dans le d\u00e9sert de Sonora, aussi en Basse Californie&#8230; Je connais le travail des peuples Maya, Azt\u00e8que et Olm\u00e8que.Je vis et travaille dans l&rsquo;atelier du sculpteur Eduardo Olbes \u00e0 Tepotzlan (Morelos).J&rsquo;entame une s\u00e9rie de conversations sur l&rsquo;\u00e9thique et l&rsquo;esth\u00e9tique avec le designer Jordi Casablancas.<\/p>\n\t\t\t\t\t<!--\/.Timline-description-->\n\t\t\t<!--\/.Timline-Content-->\n\t\t<\/li>\n\t\t\t\t<li>\n\t\t\t\t\t\t<!--date-->\n\t\t\t\t<!--Timeline-customcontent-->\n\t\t\t\t\t<p>1980<\/p>\n\t\t\t\t<!--\/.Timeline-customcontent-->\n\t\t\t<!--\/.date-->\n\t\t\t<!--icon-->\n\t\t\t<!--\/.icon-->\n\t\t\t<!--Timline-Content-->\n\t\t\t\t\t<!--Timline-Title-->\n\t\t\t\t\t\n\t\t\t\t\t<!--\/.Timline-Title-->\n\t\t\t\t\t<!--Timline-description-->\n\t\t\t\t\t<p>Je vais au Sahara avec une \u00e9quipe de la t\u00e9l\u00e9vision mexicaine pour filmer les documentaires : Tassili N&rsquo;ajjer (centre de peintures et gravures rupestres) et le Polisario (la r\u00e9sistance de la nation sahraouie). Je connais le peuple touareg.<\/p>\n<p>Dans mon travail, je commence \u00e0 changer le chiffre 3 par le chiffre 4, c&rsquo;est-\u00e0-dire le triangle par le carr\u00e9.<\/p>\n\t\t\t\t\t<!--\/.Timline-description-->\n\t\t\t<!--\/.Timline-Content-->\n\t\t<\/li>\n\t\t\t\t<li>\n\t\t\t\t\t\t<!--date-->\n\t\t\t\t<!--Timeline-customcontent-->\n\t\t\t\t\t<p>1981<\/p>\n\t\t\t\t<!--\/.Timeline-customcontent-->\n\t\t\t<!--\/.date-->\n\t\t\t<!--icon-->\n\t\t\t<!--\/.icon-->\n\t\t\t<!--Timline-Content-->\n\t\t\t\t\t<!--Timline-Title-->\n\t\t\t\t\t\n\t\t\t\t\t<!--\/.Timline-Title-->\n\t\t\t\t\t<!--Timline-description-->\n\t\t\t\t\t<p>Je retourne \u00e0 Minorque pour \u00e9tudier en profondeur sa culture m\u00e9galithique.<\/p>\n<p>Je me rends aux Pics d&rsquo;Europe (Asturies).<\/p>\n<p>Premi\u00e8re exposition \u00e0 Barcelone : Galerie Tom Maddock.<\/p>\n\t\t\t\t\t<!--\/.Timline-description-->\n\t\t\t<!--\/.Timline-Content-->\n\t\t<\/li>\n\t\t\t\t<li>\n\t\t\t\t\t\t<!--date-->\n\t\t\t\t<!--Timeline-customcontent-->\n\t\t\t\t\t<p>1983<\/p>\n\t\t\t\t<!--\/.Timeline-customcontent-->\n\t\t\t<!--\/.date-->\n\t\t\t<!--icon-->\n\t\t\t<!--\/.icon-->\n\t\t\t<!--Timline-Content-->\n\t\t\t\t\t<!--Timline-Title-->\n\t\t\t\t\t\n\t\t\t\t\t<!--\/.Timline-Title-->\n\t\t\t\t\t<!--Timline-description-->\n\t\t\t\t\t<p>Je visite les formations basaltiques du Hoggar (Sahara).<\/p>\n\t\t\t\t\t<!--\/.Timline-description-->\n\t\t\t<!--\/.Timline-Content-->\n\t\t<\/li>\n\t\t\t\t<li>\n\t\t\t\t\t\t<!--date-->\n\t\t\t\t<!--Timeline-customcontent-->\n\t\t\t\t\t<p>1986<\/p>\n\t\t\t\t<!--\/.Timeline-customcontent-->\n\t\t\t<!--\/.date-->\n\t\t\t<!--icon-->\n\t\t\t<!--\/.icon-->\n\t\t\t<!--Timline-Content-->\n\t\t\t\t\t<!--Timline-Title-->\n\t\t\t\t\t\n\t\t\t\t\t<!--\/.Timline-Title-->\n\t\t\t\t\t<!--Timline-description-->\n\t\t\t\t\t<p>Je retourne au Sahara en \u00e9t\u00e9, o\u00f9 je connais la vraie dimension du d\u00e9sert.<\/p>\n<p>Je participe \u00e0 la deuxi\u00e8me \u00ab\u00a0Fira de l&rsquo;escultura al carrer de T\u00e0rrega\u00a0\u00bb o\u00f9 je r\u00e9alise ma premi\u00e8re sculpture \u00e0 grande \u00e9chelle.<\/p>\n\t\t\t\t\t<!--\/.Timline-description-->\n\t\t\t<!--\/.Timline-Content-->\n\t\t<\/li>\n\t\t\t\t<li>\n\t\t\t\t\t\t<!--date-->\n\t\t\t\t<!--Timeline-customcontent-->\n\t\t\t\t\t<p>1987<\/p>\n\t\t\t\t<!--\/.Timeline-customcontent-->\n\t\t\t<!--\/.date-->\n\t\t\t<!--icon-->\n\t\t\t<!--\/.icon-->\n\t\t\t<!--Timline-Content-->\n\t\t\t\t\t<!--Timline-Title-->\n\t\t\t\t\t\n\t\t\t\t\t<!--\/.Timline-Title-->\n\t\t\t\t\t<!--Timline-description-->\n\t\t\t\t\t<p>Je repprends mon travail avec la gravure (dans l&rsquo;ATELIER 46 de Barbar\u00e0 avec la collaboration de Virgili Barbar\u00e0) et le dessin.<\/p>\n\t\t\t\t\t<!--\/.Timline-description-->\n\t\t\t<!--\/.Timline-Content-->\n\t\t<\/li>\n\t\t\t\t<li>\n\t\t\t\t\t\t<!--date-->\n\t\t\t\t<!--Timeline-customcontent-->\n\t\t\t\t\t<p>1988<\/p>\n\t\t\t\t<!--\/.Timeline-customcontent-->\n\t\t\t<!--\/.date-->\n\t\t\t<!--icon-->\n\t\t\t<!--\/.icon-->\n\t\t\t<!--Timline-Content-->\n\t\t\t\t\t<!--Timline-Title-->\n\t\t\t\t\t\n\t\t\t\t\t<!--\/.Timline-Title-->\n\t\t\t\t\t<!--Timline-description-->\n\t\t\t\t\t<p>Voyage dans l&rsquo;Atlas (Maroc).<\/p>\n\t\t\t\t\t<!--\/.Timline-description-->\n\t\t\t<!--\/.Timline-Content-->\n\t\t<\/li>\n\t\t\t\t<li>\n\t\t\t\t\t\t<!--date-->\n\t\t\t\t<!--Timeline-customcontent-->\n\t\t\t\t\t<p>1989<\/p>\n\t\t\t\t<!--\/.Timeline-customcontent-->\n\t\t\t<!--\/.date-->\n\t\t\t<!--icon-->\n\t\t\t<!--\/.icon-->\n\t\t\t<!--Timline-Content-->\n\t\t\t\t\t<!--Timline-Title-->\n\t\t\t\t\t\n\t\t\t\t\t<!--\/.Timline-Title-->\n\t\t\t\t\t<!--Timline-description-->\n\t\t\t\t\t<p>Je vais \u00e9pouser Marina.Apprentissage intense dans le travail de la boue et du feu avec le c\u00e9ramiste K. Dan\u00e9s et le sculpteur A. Garraza.<\/p>\n\t\t\t\t\t<!--\/.Timline-description-->\n\t\t\t<!--\/.Timline-Content-->\n\t\t<\/li>\n\t\t\t\t<li>\n\t\t\t\t\t\t<!--date-->\n\t\t\t\t<!--Timeline-customcontent-->\n\t\t\t\t\t<p>1990<\/p>\n\t\t\t\t<!--\/.Timeline-customcontent-->\n\t\t\t<!--\/.date-->\n\t\t\t<!--icon-->\n\t\t\t<!--\/.icon-->\n\t\t\t<!--Timline-Content-->\n\t\t\t\t\t<!--Timline-Title-->\n\t\t\t\t\t\n\t\t\t\t\t<!--\/.Timline-Title-->\n\t\t\t\t\t<!--Timline-description-->\n\t\t\t\t\t<p>J&rsquo;ai \u00e9t\u00e9 invit\u00e9 \u00e0 participer au symposium de L\u00fctzowplatz (Berlin) o\u00f9 j&rsquo;ai v\u00e9cu pendant deux mois.<\/p>\n<p>Je commence \u00e0 travailler avec la galerie Scheffel (Bad Homburg).<\/p>\n\t\t\t\t\t<!--\/.Timline-description-->\n\t\t\t<!--\/.Timline-Content-->\n\t\t<\/li>\n\t\t\t\t<li>\n\t\t\t\t\t\t<!--date-->\n\t\t\t\t<!--Timeline-customcontent-->\n\t\t\t\t\t<p>1991<\/p>\n\t\t\t\t<!--\/.Timeline-customcontent-->\n\t\t\t<!--\/.date-->\n\t\t\t<!--icon-->\n\t\t\t<!--\/.icon-->\n\t\t\t<!--Timline-Content-->\n\t\t\t\t\t<!--Timline-Title-->\n\t\t\t\t\t\n\t\t\t\t\t<!--\/.Timline-Title-->\n\t\t\t\t\t<!--Timline-description-->\n\t\t\t\t\t<p>Je vais au centre de granit du Sidobre, (France).<\/p>\n\t\t\t\t\t<!--\/.Timline-description-->\n\t\t\t<!--\/.Timline-Content-->\n\t\t<\/li>\n\t\t\t\t<li>\n\t\t\t\t\t\t<!--date-->\n\t\t\t\t<!--Timeline-customcontent-->\n\t\t\t\t\t<p>1992<\/p>\n\t\t\t\t<!--\/.Timeline-customcontent-->\n\t\t\t<!--\/.date-->\n\t\t\t<!--icon-->\n\t\t\t<!--\/.icon-->\n\t\t\t<!--Timline-Content-->\n\t\t\t\t\t<!--Timline-Title-->\n\t\t\t\t\t\n\t\t\t\t\t<!--\/.Timline-Title-->\n\t\t\t\t\t<!--Timline-description-->\n\t\t\t\t\t<p>Nina est n\u00e9e.Nous avons d\u00e9m\u00e9nag\u00e9 pour vivre \u00e0 All (La Cerdanya).J&rsquo;\u00e9dite, avec le po\u00e8te M. Mart\u00ed i Pol, le livre \u00ab\u00a0El silenci\u00a0\u00bb (po\u00e8mes et gravures). Publi\u00e9 par Mai\u00e0 Editions, (Andorre).<\/p>\n\t\t\t\t\t<!--\/.Timline-description-->\n\t\t\t<!--\/.Timline-Content-->\n\t\t<\/li>\n\t\t\t\t<li>\n\t\t\t\t\t\t<!--date-->\n\t\t\t\t<!--Timeline-customcontent-->\n\t\t\t\t\t<p>1993<\/p>\n\t\t\t\t<!--\/.Timeline-customcontent-->\n\t\t\t<!--\/.date-->\n\t\t\t<!--icon-->\n\t\t\t<!--\/.icon-->\n\t\t\t<!--Timline-Content-->\n\t\t\t\t\t<!--Timline-Title-->\n\t\t\t\t\t\n\t\t\t\t\t<!--\/.Timline-Title-->\n\t\t\t\t\t<!--Timline-description-->\n\t\t\t\t\t<p>\u00ab\u00a0La pr\u00e9sence est g\u00e9n\u00e9ralement donn\u00e9e par l&rsquo;ombre.\u00a0\u00bbJe fais une forge \u00e0 la maison (l&rsquo;autel du forgeron).Je participe au congr\u00e8s \u00ab\u00a0La Farga catalana\u00a0\u00bb, (Ripoll).<\/p>\n\t\t\t\t\t<!--\/.Timline-description-->\n\t\t\t<!--\/.Timline-Content-->\n\t\t<\/li>\n\t\t\t\t<li>\n\t\t\t\t\t\t<!--date-->\n\t\t\t\t<!--Timeline-customcontent-->\n\t\t\t\t\t<p>1994<\/p>\n\t\t\t\t<!--\/.Timeline-customcontent-->\n\t\t\t<!--\/.date-->\n\t\t\t<!--icon-->\n\t\t\t<!--\/.icon-->\n\t\t\t<!--Timline-Content-->\n\t\t\t\t\t<!--Timline-Title-->\n\t\t\t\t\t\n\t\t\t\t\t<!--\/.Timline-Title-->\n\t\t\t\t\t<!--Timline-description-->\n\t\t\t\t\t<p>Je connais l&rsquo;ing\u00e9nieur Tom\u00e1s L\u00f3pez qui m&rsquo;a initi\u00e9 \u00e0 la technique de l&rsquo;estampage \u00e0 froid des m\u00e9taux.\u00a0\u00bbJe perds de l&rsquo;intensit\u00e9 parce que je gagne en logique.\u00a0\u00bb<\/p>\n\t\t\t\t\t<!--\/.Timline-description-->\n\t\t\t<!--\/.Timline-Content-->\n\t\t<\/li>\n\t\t\t\t<li>\n\t\t\t\t\t\t<!--date-->\n\t\t\t\t<!--Timeline-customcontent-->\n\t\t\t\t\t<p>1995<\/p>\n\t\t\t\t<!--\/.Timeline-customcontent-->\n\t\t\t<!--\/.date-->\n\t\t\t<!--icon-->\n\t\t\t<!--\/.icon-->\n\t\t\t<!--Timline-Content-->\n\t\t\t\t\t<!--Timline-Title-->\n\t\t\t\t\t\n\t\t\t\t\t<!--\/.Timline-Title-->\n\t\t\t\t\t<!--Timline-description-->\n\t\t\t\t\t<p>\u00ab\u00a0Je commence \u00e0 voir l&rsquo;autre c\u00f4t\u00e9.\u00a0\u00bbPays Basque : visite d&rsquo;Arretxinaga (cons\u00e9cration de la pierre) et des peignes du vent &#8211; Chillida &#8211; (cons\u00e9cration du fer).<\/p>\n\t\t\t\t\t<!--\/.Timline-description-->\n\t\t\t<!--\/.Timline-Content-->\n\t\t<\/li>\n\t\t\t\t<li>\n\t\t\t\t\t\t<!--date-->\n\t\t\t\t<!--Timeline-customcontent-->\n\t\t\t\t\t<p>1996<\/p>\n\t\t\t\t<!--\/.Timeline-customcontent-->\n\t\t\t<!--\/.date-->\n\t\t\t<!--icon-->\n\t\t\t<!--\/.icon-->\n\t\t\t<!--Timline-Content-->\n\t\t\t\t\t<!--Timline-Title-->\n\t\t\t\t\t\n\t\t\t\t\t<!--\/.Timline-Title-->\n\t\t\t\t\t<!--Timline-description-->\n\t\t\t\t\t<p>\u00ab\u00a0Il y a deux sortes d&rsquo;artistes : ceux qui pensent que le monde devrait \u00eatre reconnaissant de leur existence et ceux qui remercient le monde d&rsquo;exister\u00a0\u00bb.<\/p>\n\t\t\t\t\t<!--\/.Timline-description-->\n\t\t\t<!--\/.Timline-Content-->\n\t\t<\/li>\n\t\t\t\t<li>\n\t\t\t\t\t\t<!--date-->\n\t\t\t\t<!--Timeline-customcontent-->\n\t\t\t\t\t<p>1997<\/p>\n\t\t\t\t<!--\/.Timeline-customcontent-->\n\t\t\t<!--\/.date-->\n\t\t\t<!--icon-->\n\t\t\t<!--\/.icon-->\n\t\t\t<!--Timline-Content-->\n\t\t\t\t\t<!--Timline-Title-->\n\t\t\t\t\t\n\t\t\t\t\t<!--\/.Timline-Title-->\n\t\t\t\t\t<!--Timline-description-->\n\t\t\t\t\t<p>Marc est n\u00e9.Nous r\u00e9alisons, avec Jordi Coca, \u00ab\u00a0El llibre de l&rsquo;aigua\u00a0\u00bb d&rsquo;apr\u00e8s quelques ha\u00efkus de Matsuo Bash\u00f2, (Boza \u00e9diteur).<\/p>\n\t\t\t\t\t<!--\/.Timline-description-->\n\t\t\t<!--\/.Timline-Content-->\n\t\t<\/li>\n\t\t\t\t<li>\n\t\t\t\t\t\t<!--date-->\n\t\t\t\t<!--Timeline-customcontent-->\n\t\t\t\t\t<p>1998<\/p>\n\t\t\t\t<!--\/.Timeline-customcontent-->\n\t\t\t<!--\/.date-->\n\t\t\t<!--icon-->\n\t\t\t<!--\/.icon-->\n\t\t\t<!--Timline-Content-->\n\t\t\t\t\t<!--Timline-Title-->\n\t\t\t\t\t\n\t\t\t\t\t<!--\/.Timline-Title-->\n\t\t\t\t\t<!--Timline-description-->\n\t\t\t\t\t<p>\u00ab\u00a0Je participe \u00e0 l&rsquo;art concret et corporel, l&rsquo;\u00e9ph\u00e9m\u00e8re et l&rsquo;intangible, je le vois constamment dans la nature et je n&rsquo;ose pas le faire\u00a0\u00bb.<\/p>\n\t\t\t\t\t<!--\/.Timline-description-->\n\t\t\t<!--\/.Timline-Content-->\n\t\t<\/li>\n\t\t\t\t<li>\n\t\t\t\t\t\t<!--date-->\n\t\t\t\t<!--Timeline-customcontent-->\n\t\t\t\t\t<p>1999<\/p>\n\t\t\t\t<!--\/.Timeline-customcontent-->\n\t\t\t<!--\/.date-->\n\t\t\t<!--icon-->\n\t\t\t<!--\/.icon-->\n\t\t\t<!--Timline-Content-->\n\t\t\t\t\t<!--Timline-Title-->\n\t\t\t\t\t\n\t\t\t\t\t<!--\/.Timline-Title-->\n\t\t\t\t\t<!--Timline-description-->\n\t\t\t\t\t<p>Je r\u00e9alise la sculpture \u00ab\u00a0Porta (de la Seu)\u00a0\u00bb.<\/p>\n\t\t\t\t\t<!--\/.Timline-description-->\n\t\t\t<!--\/.Timline-Content-->\n\t\t<\/li>\n\t\t\t\t<li>\n\t\t\t\t\t\t<!--date-->\n\t\t\t\t<!--Timeline-customcontent-->\n\t\t\t\t\t<p>2001<\/p>\n\t\t\t\t<!--\/.Timeline-customcontent-->\n\t\t\t<!--\/.date-->\n\t\t\t<!--icon-->\n\t\t\t<!--\/.icon-->\n\t\t\t<!--Timline-Content-->\n\t\t\t\t\t<!--Timline-Title-->\n\t\t\t\t\t\n\t\t\t\t\t<!--\/.Timline-Title-->\n\t\t\t\t\t<!--Timline-description-->\n\t\t\t\t\t<p>\u00ab\u00a0Normalement, dans mon travail, le fer fait preuve d&rsquo;une grande \u00e9nergie, mais la pierre, elle, sait qu&rsquo;elle a tous les secrets.\u00a0\u00bbS\u00e9jour en Bretagne, France. Une terre intense. Mer.<\/p>\n\t\t\t\t\t<!--\/.Timline-description-->\n\t\t\t<!--\/.Timline-Content-->\n\t\t<\/li>\n\t\t\t\t<li>\n\t\t\t\t\t\t<!--date-->\n\t\t\t\t<!--Timeline-customcontent-->\n\t\t\t\t\t<p>2002<\/p>\n\t\t\t\t<!--\/.Timeline-customcontent-->\n\t\t\t<!--\/.date-->\n\t\t\t<!--icon-->\n\t\t\t<!--\/.icon-->\n\t\t\t<!--Timline-Content-->\n\t\t\t\t\t<!--Timline-Title-->\n\t\t\t\t\t\n\t\t\t\t\t<!--\/.Timline-Title-->\n\t\t\t\t\t<!--Timline-description-->\n\t\t\t\t\t<p>\u00ab\u00a0Les \u0153uvres artistiques qui op\u00e8rent dans l&rsquo;espace virtuel ne m&rsquo;int\u00e9ressent pas beaucoup car, pour moi, l&rsquo;espace virtuel est celui des id\u00e9es, pas des \u0153uvres\u00a0\u00bb.<\/p>\n\t\t\t\t\t<!--\/.Timline-description-->\n\t\t\t<!--\/.Timline-Content-->\n\t\t<\/li>\n\t\t\t\t<li>\n\t\t\t\t\t\t<!--date-->\n\t\t\t\t<!--Timeline-customcontent-->\n\t\t\t\t\t<p>2003<\/p>\n\t\t\t\t<!--\/.Timeline-customcontent-->\n\t\t\t<!--\/.date-->\n\t\t\t<!--icon-->\n\t\t\t<!--\/.icon-->\n\t\t\t<!--Timline-Content-->\n\t\t\t\t\t<!--Timline-Title-->\n\t\t\t\t\t\n\t\t\t\t\t<!--\/.Timline-Title-->\n\t\t\t\t\t<!--Timline-description-->\n\t\t\t\t\t<p>\u00ab\u00a0Dans mon travail, je reconnais davantage l&rsquo;influence de Nina Simone que celle de Picasso\u00a0\u00bb.<\/p>\n\t\t\t\t\t<!--\/.Timline-description-->\n\t\t\t<!--\/.Timline-Content-->\n\t\t<\/li>\n\t\t\t\t<li>\n\t\t\t\t\t\t<!--date-->\n\t\t\t\t<!--Timeline-customcontent-->\n\t\t\t\t\t<p>2004<\/p>\n\t\t\t\t<!--\/.Timeline-customcontent-->\n\t\t\t<!--\/.date-->\n\t\t\t<!--icon-->\n\t\t\t<!--\/.icon-->\n\t\t\t<!--Timline-Content-->\n\t\t\t\t\t<!--Timline-Title-->\n\t\t\t\t\t\n\t\t\t\t\t<!--\/.Timline-Title-->\n\t\t\t\t\t<!--Timline-description-->\n\t\t\t\t\t<p>Je r\u00e9alise la sculpture \u00ab\u00a0Di\u00e0spora\u00a0\u00bb avec laquelle je commence \u00e0 travailler la forge industrielle au Pays Basque.<\/p>\n\t\t\t\t\t<!--\/.Timline-description-->\n\t\t\t<!--\/.Timline-Content-->\n\t\t<\/li>\n\t\t\t\t<li>\n\t\t\t\t\t\t<!--date-->\n\t\t\t\t<!--Timeline-customcontent-->\n\t\t\t\t\t<p>2005<\/p>\n\t\t\t\t<!--\/.Timeline-customcontent-->\n\t\t\t<!--\/.date-->\n\t\t\t<!--icon-->\n\t\t\t<!--\/.icon-->\n\t\t\t<!--Timline-Content-->\n\t\t\t\t\t<!--Timline-Title-->\n\t\t\t\t\t\n\t\t\t\t\t<!--\/.Timline-Title-->\n\t\t\t\t\t<!--Timline-description-->\n\t\t\t\t\t<p>Avec l&rsquo;architecte Xavi Cosp, nous r\u00e9alisons le Mirador de Llevant (Puigcerd\u00e0).<\/p>\n\t\t\t\t\t<!--\/.Timline-description-->\n\t\t\t<!--\/.Timline-Content-->\n\t\t<\/li>\n\t\t\t\t<li>\n\t\t\t\t\t\t<!--date-->\n\t\t\t\t<!--Timeline-customcontent-->\n\t\t\t\t\t<p>2006<\/p>\n\t\t\t\t<!--\/.Timeline-customcontent-->\n\t\t\t<!--\/.date-->\n\t\t\t<!--icon-->\n\t\t\t<!--\/.icon-->\n\t\t\t<!--Timline-Content-->\n\t\t\t\t\t<!--Timline-Title-->\n\t\t\t\t\t\n\t\t\t\t\t<!--\/.Timline-Title-->\n\t\t\t\t\t<!--Timline-description-->\n\t\t\t\t\t<p>\u00ab\u00a0Je m&rsquo;int\u00e9resse \u00e0 la nature, pas au paysage, avec laquelle je suis en relation d&rsquo;une mani\u00e8re plus que cultiv\u00e9e, instinctive\u00a0\u00bb.J&rsquo;ai r\u00e9alis\u00e9 \u00ab\u00a0Claustre concret\u00a0\u00bb dans la cath\u00e9drale de Vic, ma premi\u00e8re \u0153uvre publique temporaire.<\/p>\n\t\t\t\t\t<!--\/.Timline-description-->\n\t\t\t<!--\/.Timline-Content-->\n\t\t<\/li>\n\t\t\t\t<li>\n\t\t\t\t\t\t<!--date-->\n\t\t\t\t<!--Timeline-customcontent-->\n\t\t\t\t\t<p>2007<\/p>\n\t\t\t\t<!--\/.Timeline-customcontent-->\n\t\t\t<!--\/.date-->\n\t\t\t<!--icon-->\n\t\t\t<!--\/.icon-->\n\t\t\t<!--Timline-Content-->\n\t\t\t\t\t<!--Timline-Title-->\n\t\t\t\t\t\n\t\t\t\t\t<!--\/.Timline-Title-->\n\t\t\t\t\t<!--Timline-description-->\n\t\t\t\t\t<p>\u00ab\u00a0Je commence \u00e0 avoir du mal \u00e0 laisser filer le temps\u00a0\u00bb\u00a0\u00bbCertains artistes s&#8217;empreignent et dig\u00e8rent les mots des autres ; quant \u00e0 moi, je pr\u00e9f\u00e8re marcher et regarder en haut les arbres et en bas l&rsquo;eau des rivi\u00e8res \u00ab\u00a0.<\/p>\n\t\t\t\t\t<!--\/.Timline-description-->\n\t\t\t<!--\/.Timline-Content-->\n\t\t<\/li>\n\t\t\t\t<li>\n\t\t\t\t\t\t<!--date-->\n\t\t\t\t<!--Timeline-customcontent-->\n\t\t\t\t\t<p>2008<\/p>\n\t\t\t\t<!--\/.Timeline-customcontent-->\n\t\t\t<!--\/.date-->\n\t\t\t<!--icon-->\n\t\t\t<!--\/.icon-->\n\t\t\t<!--Timline-Content-->\n\t\t\t\t\t<!--Timline-Title-->\n\t\t\t\t\t\n\t\t\t\t\t<!--\/.Timline-Title-->\n\t\t\t\t\t<!--Timline-description-->\n\t\t\t\t\t<p>Voyage en Gr\u00e8ce : l&rsquo;origine de notre culture et de nos valeurs. Je visite les th\u00e9\u00e2tres d&rsquo;Epicure et de Dionysos, l&rsquo;Acropole, le temple de Zeus et de Delphes qui, comme le dit Jordi Coca : \u00ab\u00a0si les Dieux existent, ils sont l\u00e0\u00a0\u00bb. Je connais aussi M\u00e9t\u00e9ora &#8211; comment pourrais-je vivre sans conna\u00eetre son existence ? &#8211; et l&rsquo;art des \u00eeles Cyclades qui, il y a 3 000 ans, avait d\u00e9j\u00e0 atteint le final.<\/p>\n\t\t\t\t\t<!--\/.Timline-description-->\n\t\t\t<!--\/.Timline-Content-->\n\t\t<\/li>\n\t\t\t\t<li>\n\t\t\t\t\t\t<!--date-->\n\t\t\t\t<!--Timeline-customcontent-->\n\t\t\t\t\t<p>2009<\/p>\n\t\t\t\t<!--\/.Timeline-customcontent-->\n\t\t\t<!--\/.date-->\n\t\t\t<!--icon-->\n\t\t\t<!--\/.icon-->\n\t\t\t<!--Timline-Content-->\n\t\t\t\t\t<!--Timline-Title-->\n\t\t\t\t\t\n\t\t\t\t\t<!--\/.Timline-Title-->\n\t\t\t\t\t<!--Timline-description-->\n\t\t\t\t\t<p>\u00a0\u00bb Cela fait bien longtemps que je ne prends pas de recul et, de ce fait, je ne vois pas grande chose\u00a0\u00bb.<\/p>\n\t\t\t\t\t<!--\/.Timline-description-->\n\t\t\t<!--\/.Timline-Content-->\n\t\t<\/li>\n\t\t\t\t<li>\n\t\t\t\t\t\t<!--date-->\n\t\t\t\t<!--Timeline-customcontent-->\n\t\t\t\t\t<p>2010<\/p>\n\t\t\t\t<!--\/.Timeline-customcontent-->\n\t\t\t<!--\/.date-->\n\t\t\t<!--icon-->\n\t\t\t<!--\/.icon-->\n\t\t\t<!--Timline-Content-->\n\t\t\t\t\t<!--Timline-Title-->\n\t\t\t\t\t\n\t\t\t\t\t<!--\/.Timline-Title-->\n\t\t\t\t\t<!--Timline-description-->\n\t\t\t\t\t<p>\u00ab\u00a0Vieillir, c&rsquo;est voir au-del\u00e0 des apparences, \u00eatre jeune, c&rsquo;est voir au-del\u00e0 de la r\u00e9alit\u00e9. Les adultes nous ne voyons ni ceci ni cela\u00a0\u00bb.<\/p>\n\t\t\t\t\t<!--\/.Timline-description-->\n\t\t\t<!--\/.Timline-Content-->\n\t\t<\/li>\n\t\t\t\t<li>\n\t\t\t\t\t\t<!--date-->\n\t\t\t\t<!--Timeline-customcontent-->\n\t\t\t\t\t<p>2011<\/p>\n\t\t\t\t<!--\/.Timeline-customcontent-->\n\t\t\t<!--\/.date-->\n\t\t\t<!--icon-->\n\t\t\t<!--\/.icon-->\n\t\t\t<!--Timline-Content-->\n\t\t\t\t\t<!--Timline-Title-->\n\t\t\t\t\t\n\t\t\t\t\t<!--\/.Timline-Title-->\n\t\t\t\t\t<!--Timline-description-->\n\t\t\t\t\t<p>Concert de Llu\u00eds Claret &#8211; violoncelle &#8211; dans l&rsquo;ermitage de Pedra (en Cerdangne). Suites de J.S. Bach. Sublime.<\/p>\n\t\t\t\t\t<!--\/.Timline-description-->\n\t\t\t<!--\/.Timline-Content-->\n\t\t<\/li>\n\t\t\t\t<li>\n\t\t\t\t\t\t<!--date-->\n\t\t\t\t<!--Timeline-customcontent-->\n\t\t\t\t\t<p>2012<\/p>\n\t\t\t\t<!--\/.Timeline-customcontent-->\n\t\t\t<!--\/.date-->\n\t\t\t<!--icon-->\n\t\t\t<!--\/.icon-->\n\t\t\t<!--Timline-Content-->\n\t\t\t\t\t<!--Timline-Title-->\n\t\t\t\t\t\n\t\t\t\t\t<!--\/.Timline-Title-->\n\t\t\t\t\t<!--Timline-description-->\n\t\t\t\t\t<p>Nous faisons, avec Marc, le chemin de Saint-Jacques, \u00e0 v\u00e9lo. Une exp\u00e9rience proche de mes grands voyages d&rsquo;antan.<\/p>\n\t\t\t\t\t<!--\/.Timline-description-->\n\t\t\t<!--\/.Timline-Content-->\n\t\t<\/li>\n\t\t\t\t<li>\n\t\t\t\t\t\t<!--date-->\n\t\t\t\t<!--Timeline-customcontent-->\n\t\t\t\t\t<p>2013<\/p>\n\t\t\t\t<!--\/.Timeline-customcontent-->\n\t\t\t<!--\/.date-->\n\t\t\t<!--icon-->\n\t\t\t<!--\/.icon-->\n\t\t\t<!--Timline-Content-->\n\t\t\t\t\t<!--Timline-Title-->\n\t\t\t\t\t\n\t\t\t\t\t<!--\/.Timline-Title-->\n\t\t\t\t\t<!--Timline-description-->\n\t\t\t\t\t<p>\u00ab\u00a0Je travaille \u00e0 l&rsquo;instinct, je sens le paysage, je bois de l&rsquo;eau, je touche la distance, je sens l&rsquo;\u00e9nergie, je regarde l&rsquo;air&#8230; mais entre une main et l&rsquo;autre je concr\u00e9tise\u00a0\u00bb.<\/p>\n\t\t\t\t\t<!--\/.Timline-description-->\n\t\t\t<!--\/.Timline-Content-->\n\t\t<\/li>\n\t\t\t\t<li>\n\t\t\t\t\t\t<!--date-->\n\t\t\t\t<!--Timeline-customcontent-->\n\t\t\t\t\t<p>2014<\/p>\n\t\t\t\t<!--\/.Timeline-customcontent-->\n\t\t\t<!--\/.date-->\n\t\t\t<!--icon-->\n\t\t\t<!--\/.icon-->\n\t\t\t<!--Timline-Content-->\n\t\t\t\t\t<!--Timline-Title-->\n\t\t\t\t\t\n\t\t\t\t\t<!--\/.Timline-Title-->\n\t\t\t\t\t<!--Timline-description-->\n\t\t\t\t\t<p>J&rsquo;assiste en direct aux r\u00e9flexions du sculpteur D. Karavan concernant son oeuvre \u00ab\u00a0Passatges\u00a0\u00bb, m\u00e9morial de W. Benjamin. Portbou (Girona).\u00a0\u00bbJe ne lis pas&#8230; mais je marche\u00a0\u00bb.<\/p>\n\t\t\t\t\t<!--\/.Timline-description-->\n\t\t\t<!--\/.Timline-Content-->\n\t\t<\/li>\n\t\t\t\t<li>\n\t\t\t\t\t\t<!--date-->\n\t\t\t\t<!--Timeline-customcontent-->\n\t\t\t\t\t<p>2015<\/p>\n\t\t\t\t<!--\/.Timeline-customcontent-->\n\t\t\t<!--\/.date-->\n\t\t\t<!--icon-->\n\t\t\t<!--\/.icon-->\n\t\t\t<!--Timline-Content-->\n\t\t\t\t\t<!--Timline-Title-->\n\t\t\t\t\t\n\t\t\t\t\t<!--\/.Timline-Title-->\n\t\t\t\t\t<!--Timline-description-->\n\t\t\t\t\t<p>\u00ab\u00a0La nature s&#8217;emploie \u00e0 \u00eatre, nous les humains \u00e0 faire\u00a0\u00bb.J&rsquo;ai lu le livre \u00ab\u00a0Sapiens\u00a0\u00bb de Y.Noah Arari. Une r\u00e9v\u00e9lation pour comprendre les contradictions de notre esp\u00e8ce animal.<\/p>\n\t\t\t\t\t<!--\/.Timline-description-->\n\t\t\t<!--\/.Timline-Content-->\n\t\t<\/li>\n\t\t\t\t<li>\n\t\t\t\t\t\t<!--date-->\n\t\t\t\t<!--Timeline-customcontent-->\n\t\t\t\t\t<p>2016<\/p>\n\t\t\t\t<!--\/.Timeline-customcontent-->\n\t\t\t<!--\/.date-->\n\t\t\t<!--icon-->\n\t\t\t<!--\/.icon-->\n\t\t\t<!--Timline-Content-->\n\t\t\t\t\t<!--Timline-Title-->\n\t\t\t\t\t\n\t\t\t\t\t<!--\/.Timline-Title-->\n\t\t\t\t\t<!--Timline-description-->\n\t\t\t\t\t<p>\u00ab\u00a0L&rsquo;obsession actuelle de vouloir autant profiter du moment pr\u00e9sent est, en partie, responsable de la pr\u00e9carit\u00e9 de cet ensemble\u00a0\u00bb.<\/p>\n\t\t\t\t\t<!--\/.Timline-description-->\n\t\t\t<!--\/.Timline-Content-->\n\t\t<\/li>\n\t\t\t\t<li>\n\t\t\t\t\t\t<!--date-->\n\t\t\t\t<!--Timeline-customcontent-->\n\t\t\t\t\t<p>2017<\/p>\n\t\t\t\t<!--\/.Timeline-customcontent-->\n\t\t\t<!--\/.date-->\n\t\t\t<!--icon-->\n\t\t\t<!--\/.icon-->\n\t\t\t<!--Timline-Content-->\n\t\t\t\t\t<!--Timline-Title-->\n\t\t\t\t\t\n\t\t\t\t\t<!--\/.Timline-Title-->\n\t\t\t\t\t<!--Timline-description-->\n\t\t\t\t\t<p>\u00ab\u00a0Il y a des moments dans la vie qui s&rsquo;apparentent \u00e0 certaines situations, comme quand on enl\u00e8ve le fer \u00e0 cheval \u00e0 ton compagnon de route : soit pour lui rendre sa libert\u00e9&#8230; soit pour l&rsquo;abattre\u00a0\u00bb. <\/p>\n\t\t\t\t\t<!--\/.Timline-description-->\n\t\t\t<!--\/.Timline-Content-->\n\t\t<\/li>\n\t\t\t\t<li>\n\t\t\t\t\t\t<!--date-->\n\t\t\t\t<!--Timeline-customcontent-->\n\t\t\t\t\t<p>2018<\/p>\n\t\t\t\t<!--\/.Timeline-customcontent-->\n\t\t\t<!--\/.date-->\n\t\t\t<!--icon-->\n\t\t\t<!--\/.icon-->\n\t\t\t<!--Timline-Content-->\n\t\t\t\t\t<!--Timline-Title-->\n\t\t\t\t\t\n\t\t\t\t\t<!--\/.Timline-Title-->\n\t\t\t\t\t<!--Timline-description-->\n\t\t\t\t\t<p>J&rsquo;incorpore le verre dans mon travail (je l&rsquo;ai essay\u00e9 il y a 40 ans).S\u00e9jour en Vall\u00e9e d&rsquo;Aoste (Italie).<\/p>\n\t\t\t\t\t<!--\/.Timline-description-->\n\t\t\t<!--\/.Timline-Content-->\n\t\t<\/li>\n\t\t\t\t<li>\n\t\t\t\t\t\t<!--date-->\n\t\t\t\t<!--Timeline-customcontent-->\n\t\t\t\t\t<p>2019<\/p>\n\t\t\t\t<!--\/.Timeline-customcontent-->\n\t\t\t<!--\/.date-->\n\t\t\t<!--icon-->\n\t\t\t<!--\/.icon-->\n\t\t\t<!--Timline-Content-->\n\t\t\t\t\t<!--Timline-Title-->\n\t\t\t\t\t\n\t\t\t\t\t<!--\/.Timline-Title-->\n\t\t\t\t\t<!--Timline-description-->\n\t\t\t\t\t<p>Dans la vie, et dans l&rsquo;art, c&rsquo;est tr\u00e8s bien de m\u00e9diter et de douter, mais c&rsquo;est essentiel d&rsquo;en tirer des conclusions. Terminer le travail.Confinement? &#8230; Je n&rsquo;ai remarqu\u00e9 aucun changement, peut \u00eatre c&rsquo;est que depuis mes 16 ans j&rsquo;ai choisi de vivre confin\u00e9 avec moi-m\u00eame, la nature, les chevaux, la mati\u00e8re et la famille&#8230;<\/p>\n\t\t\t\t\t<!--\/.Timline-description-->\n\t\t\t<!--\/.Timline-Content-->\n\t\t<\/li>\n\t\t\t\t<li>\n\t\t\t\t\t\t<!--date-->\n\t\t\t\t<!--Timeline-customcontent-->\n\t\t\t\t\t<p>2020<\/p>\n\t\t\t\t<!--\/.Timeline-customcontent-->\n\t\t\t<!--\/.date-->\n\t\t\t<!--icon-->\n\t\t\t<!--\/.icon-->\n\t\t\t<!--Timline-Content-->\n\t\t\t\t\t<!--Timline-Title-->\n\t\t\t\t\t\n\t\t\t\t\t<!--\/.Timline-Title-->\n\t\t\t\t\t<!--Timline-description-->\n\t\t\t\t\t<p>J&rsquo;adorerais faire des sculptures, comme JJ Cale joue de la guitare et compose : avec la simplicit\u00e9 d&rsquo;avoir \u00e9lagu\u00e9 tout ce qui n&rsquo;est pas n\u00e9cessaire.<\/p>\n\t\t\t\t\t<!--\/.Timline-description-->\n\t\t\t<!--\/.Timline-Content-->\n\t\t<\/li>\n\t\t\t<\/ul>\n\n","protected":false},"excerpt":{"rendered":"<p>AUTOBIOGRAHIE Je suis n\u00e9 \u00e0 la fin de l&rsquo;automne 1956 \u00e0 Vic (Osona &#8211; Catalogne). Depuis mon enfance, j&rsquo;ai eu une relation avec la nature de mani\u00e8re assez globale : la mer (Llan\u00e7\u00e0, Cap de Creus&#8230;), campagne (Plana de Vic&#8230;) et la montagne (Les Guilleries, el Cabrer\u00e8s, el Pirineu&#8230;) ainsi que la agriculture et le [&hellip;]<\/p>\n","protected":false},"author":1,"featured_media":0,"parent":1796,"menu_order":0,"comment_status":"closed","ping_status":"closed","template":"","meta":{"site-sidebar-layout":"no-sidebar","site-content-layout":"page-builder","ast-site-content-layout":"default","site-content-style":"default","site-sidebar-style":"default","ast-global-header-display":"","ast-banner-title-visibility":"","ast-main-header-display":"","ast-hfb-above-header-display":"","ast-hfb-below-header-display":"","ast-hfb-mobile-header-display":"","site-post-title":"disabled","ast-breadcrumbs-content":"","ast-featured-img":"disabled","footer-sml-layout":"","ast-disable-related-posts":"","theme-transparent-header-meta":"default","adv-header-id-meta":"","stick-header-meta":"default","header-above-stick-meta":"","header-main-stick-meta":"","header-below-stick-meta":"","astra-migrate-meta-layouts":"default","ast-page-background-enabled":"default","ast-page-background-meta":{"desktop":{"background-color":"","background-image":"","background-repeat":"repeat","background-position":"center center","background-size":"auto","background-attachment":"scroll","background-type":"","background-media":"","overlay-type":"","overlay-color":"","overlay-opacity":"","overlay-gradient":""},"tablet":{"background-color":"","background-image":"","background-repeat":"repeat","background-position":"center center","background-size":"auto","background-attachment":"scroll","background-type":"","background-media":"","overlay-type":"","overlay-color":"","overlay-opacity":"","overlay-gradient":""},"mobile":{"background-color":"","background-image":"","background-repeat":"repeat","background-position":"center center","background-size":"auto","background-attachment":"scroll","background-type":"","background-media":"","overlay-type":"","overlay-color":"","overlay-opacity":"","overlay-gradient":""}},"ast-content-background-meta":{"desktop":{"background-color":"var(--ast-global-color-5)","background-image":"","background-repeat":"repeat","background-position":"center center","background-size":"auto","background-attachment":"scroll","background-type":"","background-media":"","overlay-type":"","overlay-color":"","overlay-opacity":"","overlay-gradient":""},"tablet":{"background-color":"var(--ast-global-color-5)","background-image":"","background-repeat":"repeat","background-position":"center center","background-size":"auto","background-attachment":"scroll","background-type":"","background-media":"","overlay-type":"","overlay-color":"","overlay-opacity":"","overlay-gradient":""},"mobile":{"background-color":"var(--ast-global-color-5)","background-image":"","background-repeat":"repeat","background-position":"center center","background-size":"auto","background-attachment":"scroll","background-type":"","background-media":"","overlay-type":"","overlay-color":"","overlay-opacity":"","overlay-gradient":""}},"footnotes":""},"class_list":["post-124","page","type-page","status-publish","hentry"],"aioseo_notices":[],"_links":{"self":[{"href":"https:\/\/ernest-altes.net\/fr\/wp-json\/wp\/v2\/pages\/124","targetHints":{"allow":["GET"]}}],"collection":[{"href":"https:\/\/ernest-altes.net\/fr\/wp-json\/wp\/v2\/pages"}],"about":[{"href":"https:\/\/ernest-altes.net\/fr\/wp-json\/wp\/v2\/types\/page"}],"author":[{"embeddable":true,"href":"https:\/\/ernest-altes.net\/fr\/wp-json\/wp\/v2\/users\/1"}],"replies":[{"embeddable":true,"href":"https:\/\/ernest-altes.net\/fr\/wp-json\/wp\/v2\/comments?post=124"}],"version-history":[{"count":3,"href":"https:\/\/ernest-altes.net\/fr\/wp-json\/wp\/v2\/pages\/124\/revisions"}],"predecessor-version":[{"id":3337,"href":"https:\/\/ernest-altes.net\/fr\/wp-json\/wp\/v2\/pages\/124\/revisions\/3337"}],"up":[{"embeddable":true,"href":"https:\/\/ernest-altes.net\/fr\/wp-json\/wp\/v2\/pages\/1796"}],"wp:attachment":[{"href":"https:\/\/ernest-altes.net\/fr\/wp-json\/wp\/v2\/media?parent=124"}],"curies":[{"name":"wp","href":"https:\/\/api.w.org\/{rel}","templated":true}]}}