{"id":1328,"date":"2020-05-02T17:43:15","date_gmt":"2020-05-02T15:43:15","guid":{"rendered":"https:\/\/ernest-altes.net\/fires-varis\/"},"modified":"2025-12-08T19:07:46","modified_gmt":"2025-12-08T18:07:46","slug":"ferias-varios","status":"publish","type":"page","link":"https:\/\/ernest-altes.net\/es\/notas\/ferias-varios\/","title":{"rendered":"Ferias &#8211; Varios"},"content":{"rendered":"\n\n\t<h1>\n\t\t\t\tVARIOS\n\t\t\t<\/h1>\n\t<h2>\n\t\t\t\tFerias\n\t\t\t<\/h2>\n\t<ul>\n<li>1984\n<ul>\n<li><strong>Arco<\/strong>\u00a0&#8211; Galeria Joan de Serrallonga &#8211;<br \/>\nMadrid (ES).<\/li>\n<\/ul>\n<\/li>\n\n<li>1987\n<ul>\n<li><strong>Arco<\/strong> &#8211; Galeria Thomas Carstens &#8211; Madrid (ES).<\/li>\n<\/ul>\n<\/li>\n\n<li>1989\n<ul>\n<li><strong>Art Jonction Internacional <\/strong>&#8211; Nice (FR).<\/li>\n<\/ul>\n<\/li>\n\n<li>1990\n<ul>\n<li><strong>Art Jonction Internacional <\/strong>&#8211; Nice (FR).<\/li>\n\n<li><strong>Lineart<\/strong> &#8211; Ghent (BE).<\/li>\n\n<li><strong>Art Fair<\/strong> &#8211; Estocolm (CH).<\/li>\n<\/ul>\n<\/li>\n\n<li>1991\n<ul>\n<li><strong>Lineart<\/strong> &#8211; Ghent (BE).<\/li>\n\n<li><strong>D\u00e9couvertes-art actuel &#8211; <\/strong>Galeria Adriana Schmidt\u00a0&#8211; Paris (FR).<\/li>\n\n<li><strong>Gr\u00e0fic-Art 91<\/strong>\u00a0 &#8211; Galeria P\u00e8rgamon &#8211; Barcelona &#8211; (ES).<\/li>\n<\/ul>\n<\/li>\n\n<li>1992\n<ul>\n<li><strong>Arco <\/strong>&#8211; Galeria Adriana Schmidt &#8211; Madrid &#8211; (ES).<\/li>\n\n<li><strong>Saga <\/strong>&#8211; Galeria Adriana Schmidt &#8211; Paris (FR).<\/li>\n<\/ul>\n<\/li>\n\n<li>1994\n<ul>\n<li><strong>Kunstmesse<\/strong> &#8211; Frankfurt (DE).<\/li>\n<\/ul>\n<\/li>\n\n<li>1996\n<ul>\n<li><strong>Art Chicago&#8217;96<\/strong>\u00a0&#8211; Galeria Scheffel &#8211; (US).<\/li>\n\n<li><strong>Art Cologne<\/strong> (DE).<\/li>\n<\/ul>\n<\/li>\n\n<li>1997\n<ul>\n<li><strong> Artist book int <\/strong>&#8211; Boza Editor &#8211; New York (US).<\/li>\n<\/ul>\n<\/li>\n\n<li>1998\n<ul>\n<li><strong>Arco<\/strong> &#8211; Boza Editor &#8211; Madrid &#8211; (ES).<\/li>\n<\/ul>\n<\/li>\n\n<li>2000\n<ul>\n<li><strong>Arco<\/strong> &#8211; Boza Editor &#8211; Madrid &#8211; (ES).<\/li>\n<\/ul>\n<\/li>\n\n<li>2021\n<ul>\n<li><strong>Feriarte<\/strong> &#8211; Clavell &amp; Morgades &#8211; Madrid &#8211; (ES).<\/li>\n<\/ul>\n<\/li>\n<\/ul>\n\t<h2>\n\t\t\t\tVarios\n\t\t\t<\/h2>\n\t<ul>\n<\/ul><ul>\n<li>1983\n<ul>\n<li>Conferencia <strong>\u00ab\u202fFerro ara\u202f\u00bb<\/strong> &#8211; Escola arts i oficis &#8211; Vic (Barcelona\u00a0&#8211;\u00a0ES).<\/li>\n<\/ul>\n<\/li>\n<li>1987\n<ul>\n<li><strong>Edici\u00f3n<\/strong> del libro <strong>\u00ab\u202fEscultura\u202f\u00bb<\/strong> &#8211; Editorial Sin\u00f2psi (Barcelona\u00a0&#8211;\u00a0ES).<\/li>\n<\/ul>\n<\/li>\n<li>1988\n<ul>\n<li><strong>Realizaci\u00f3n<\/strong> del galard\u00f3n <strong>\u00ab\u202fSalvador Espriu\u202f\u00bb<\/strong> &#8211; Fundaci\u00f3 Pere Verg\u00e9s (Barcelona\u00a0&#8211;\u00a0ES).<\/li>\n<\/ul>\n<\/li>\n<li>1989\n<ul>\n<li>1.\u00ba <strong>acc\u00e9sit \u00ab\u202fMiquel Casablancas\u202f\u00bb<\/strong> &#8211; Sant Andreu (Barcelona\u00a0&#8211;\u00a0ES).<\/li>\n<li>2.\u00ba <strong>premio<\/strong> de la 1.\u00aa <strong>\u00ab\u202fBienal de Girona\u202f\u00bb<\/strong> (Girona\u00a0&#8211;\u00a0ES).<\/li>\n<\/ul>\n<\/li>\n<li>1990\n<ul>\n<li><strong>Bildhauer Symposium L\u00fctzowplatz<\/strong> &#8211; Berl\u00edn (DE).<\/li>\n<\/ul>\n<\/li>\n<li>1991\n<ul>\n<li><strong>Expo&#8217;91 &#8211; IV<\/strong> &#8211; Juegos de los peque\u00f1os estados de Europa &#8211; Palau del Gel &#8211; Canillo (AD).<\/li>\n<\/ul>\n<\/li>\n<li>1992\n<ul>\n<li><strong>Edici\u00f3n<\/strong> del libro <strong>\u00ab\u202fEl Silenci\u202f\u00bb<\/strong> &#8211; Editorial Mai\u00e0 (Andorra) &#8211; Grabados y poemas de M. Mart\u00ed i Pol.<\/li>\n<\/ul>\n<\/li>\n<li>1993\n<ul>\n<li>2.\u00ba <strong>premio<\/strong> del <strong>\u00ab\u202fPremio Nacional de Grabado\u202f\u00bb<\/strong> &#8211; Calcograf\u00eda Nacional &#8211; Real Academia de San Fernando (Madrid\u00a0&#8211;\u00a0ES).<\/li>\n<\/ul>\n<\/li>\n<li>1994\n<ul>\n<li><strong>Realizaci\u00f3n<\/strong> del galard\u00f3n de los <strong>\u00ab\u202fJocs Florals\u202f\u00bb<\/strong> &#8211; Ayuntamiento de Barcelona (Barcelona\u00a0&#8211;\u00a0ES).<\/li>\n<li><strong>Realizaci\u00f3n<\/strong> del galard\u00f3n del <strong>\u00ab\u202fPremi d&#8217;Honor de les lletres Catalanes\u202f\u00bb<\/strong> &#8211; \u00d2mnium Cultural (Barcelona\u00a0&#8211;\u00a0ES).<\/li>\n<\/ul>\n<\/li>\n<li>1995\n<ul>\n<li><strong>Edici\u00f3n<\/strong> del libro <strong>\u00ab\u202fPassatges\u202f\u00bb<\/strong> &#8211; con E. Balcells, A. Valero &#8211; Gr\u00e0fic (Barcelona\u00a0&#8211;\u00a0ES).<\/li>\n<\/ul>\n<\/li>\n<li>1997\n<ul>\n<li><strong>Edici\u00f3n<\/strong> del libro <strong>\u00ab\u202fEl Llibre de l&#8217;Aigua\u202f\u00bb<\/strong> &#8211; grabados &#8211; versiones de Matsuo Bash\u014d por Jordi Coca &#8211; Boza editor (Barcelona\u00a0&#8211;\u00a0ES).<\/li>\n<li>2.\u00ba <strong>premio \u00ab\u202fJustice Center : Escultura Monumental\u202f\u00bb<\/strong> &#8211; Brighton (Colorado\u00a0&#8211;\u00a0US).<\/li>\n<\/ul>\n<\/li>\n<li>2001\n<ul>\n<li><strong>V Symposium<\/strong> sobre \u00ab\u202fgranitos bretones\u202f\u00bb &#8211; Louvign\u00e9-du-D\u00e9sert (FR).<\/li>\n<li><strong>II Symposium : arte contempor\u00e1neo en el espacio urbano<\/strong> &#8211; Colegio de Aparejadores y Arquitectos T\u00e9cnicos de Barcelona (Barcelona\u00a0&#8211;\u00a0ES).<\/li>\n<\/ul>\n<\/li>\n<li>2002\n<ul>\n<li><strong>\u00ab\u202fSiffacus\u202f\u00bb<\/strong> &#8211; Utilizaci\u00f3n del agua en una plaza de Puigcerd\u00e0 con X. Cosp [arquitecto] (Lleida\u00a0&#8211;\u00a0ES).<\/li>\n<\/ul>\n<\/li>\n<li>2003\n<ul>\n<li>Curso <strong>\u00ab\u202fEl escultor ante la obra en el espacio p\u00fablico\u202f\u00bb<\/strong> &#8211; Facultad de Bellas Artes &#8211; Bilbao (Euskadi\u00a0&#8211;\u00a0ES).<\/li>\n<li><strong>Placa<\/strong> casa natal del escritor Jaume Fuster (Barcelona\u00a0&#8211;\u00a0ES).<\/li>\n<\/ul>\n<\/li>\n<li>2006\n<ul>\n<li>Conferencia <strong>\u00ab\u202fEl treball creatiu a la Cerdanya\u202f\u00bb<\/strong> &#8211; III Encuentros Culturales Pirenaicos &#8211; Societat Andorrana de Ci\u00e8ncies &#8211; Coll de Narg\u00f3 (Lleida\u00a0&#8211;\u00a0ES).<\/li>\n<\/ul>\n<\/li>\n<li>2009\n<ul>\n<li><strong>Escenograf\u00eda<\/strong> de la obra <strong>\u00ab\u202fIfig\u00e8nia\u202f\u00bb<\/strong> &#8211; direcci\u00f3n Jordi Coca &#8211; Grec 09 (Barcelona\u00a0&#8211;\u00a0ES).<\/li>\n<\/ul>\n<\/li>\n<li>2010\n<ul>\n<li>Conferencia <strong>\u00ab\u202fDeu escultures p\u00fabliques i una pla\u00e7a al Pirineu\u202f\u00bb<\/strong> &#8211; V Encuentros Culturales Pirenaicos &#8211; Societat Andorrana de Ci\u00e8ncies &#8211; Esterri d&#8217;\u00c0neu (Lleida\u00a0&#8211;\u00a0ES).<\/li>\n<li><strong>Placa<\/strong> en memoria del arquitecto \u00c0ngel Juv\u00e9 &#8211; Pedra (Lleida\u00a0&#8211;\u00a0ES).<\/li>\n<\/ul>\n<\/li>\n<li>2012\n<ul>\n<li>Conferencia <strong>\u00ab\u202fS\u00f3c escultor\u202f\u00bb<\/strong> &#8211; Escola d&#8217;Arts i oficis &#8211; Gironella (Barcelona\u00a0&#8211;\u00a0ES).<\/li>\n<\/ul>\n<\/li>\n<li>2016\n<ul>\n<li>Conferencia <strong>\u00ab\u202fArt : Valor i Patrimoni\u202f\u00bb<\/strong> &#8211; Encuentros Culturales Pirenaicos &#8211; Societat Andorrana de Ci\u00e8ncies &#8211; C\u00e9ret (FR).<\/li>\n<li><strong>Realizaci\u00f3n<\/strong> del galard\u00f3n de la Fundaci\u00f3 Congr\u00e9s de la Cultura Catalana.<\/li>\n<\/ul>\n<\/li>\n<li>2017\n<ul>\n<li><strong>Realizaci\u00f3n<\/strong> del galard\u00f3n <strong>\u00ab\u202fPremi Egozcue\u202f\u00bb<\/strong> &#8211; Grup de Recerca de Cerdanya.<\/li>\n<\/ul>\n<\/li>\n<li>2019\n<ul>\n<li><strong>Escenograf\u00eda<\/strong> de la obra <strong>\u00ab\u202fLa tente\u202f\u00bb<\/strong> &#8211; texto C. Ponti, direcci\u00f3n Neus Vila &#8211; Festival d&#8217;Avignon y gira (FR).<\/li>\n<\/ul>\n<\/li>\n<li>2021\n<ul>\n<li><strong>Escenograf\u00eda<\/strong> de la obra <strong>\u00ab\u202fFedra\u202f\u00bb<\/strong> &#8211; Companyia Mesemes &amp; Compagnie du Sarment.<\/li>\n<li><strong>Premio internacional<\/strong> de escultura <strong>Angel Orensanz<\/strong> (Sabi\u00f1\u00e1nigo\u00a0&#8211;\u00a0Osca\u00a0&#8211;\u00a0ES).<\/li>\n<\/ul>\n<\/li>\n<li>2022\n<ul>\n<li>Conferencia <strong>Creaci\u00f3n contempor\u00e1nea &#8211; Pirineos<\/strong> &#8211; Universidad Catalana de Verano &#8211; Prada de Conflent (Prades\u00a0&#8211;\u00a0FR).<\/li>\n<\/ul>\n<\/li>\n<li>2024\n<ul>\n<li><strong>Realizaci\u00f3n<\/strong> de los galardones por los creadores del <strong>Congreso internacional de arqueolog\u00eda<\/strong> &#8211; Institut d&#8217;Estudis Ceretans (ES).<\/li>\n<li><strong>Realizaci\u00f3n<\/strong> del galard\u00f3n <strong>\u00ab Escritoras de la comarca \u00bb<\/strong> &#8211; Consell Comarcal de El Maresme (ES).<\/li>\n<\/ul>\n<\/li>\n<li>2025\n<ul>\n<li><strong>Realizaci\u00f3n<\/strong> del galard\u00f3n <strong>\u00ab Amunt \u00bb<\/strong> &#8211;\u00a0 La Vall Fosca (Pallars &#8211; ES).<\/li>\n<li><strong>Colaboraci\u00f3n<\/strong> en la <strong>escenograf\u00eda<\/strong> de la obra \u00ab Es mi \u00e1rbol \u00bb d&#8217;O.Tallec &#8211; Compagnie du Sarment.<\/li>\n<li><strong>Conferencia \u00ab El hierro en el arte moderno y contempor\u00e1neo en el Pirineo \u00bb<\/strong> 22 encuentros Culturales Pirenaicos &#8211; Sociedad Andorrana de Ciencias &#8211; Gipuzcoa (Irun &#8211; ES).<\/li>\n<li><strong>\u00ab Arte y humanidades \u00bb<\/strong> &#8211; Dentro del Congreso internacional Artes y Humanidades para el Bienestar y la Inclusi\u00f3n Social. UVIC\/UCC. Universidad de Vic (ES).<\/li>\n<\/ul>\n<\/li>\n<\/ul>\n\n","protected":false},"excerpt":{"rendered":"<p>VARIOS Ferias 1984 Arco\u00a0&#8211; Galeria Joan de Serrallonga &#8211; Madrid (ES). 1987 Arco &#8211; Galeria Thomas Carstens &#8211; Madrid (ES). 1989 Art Jonction Internacional &#8211; Nice (FR). 1990 Art Jonction Internacional &#8211; Nice (FR). Lineart &#8211; Ghent (BE). Art Fair &#8211; Estocolm (CH). 1991 Lineart &#8211; Ghent (BE). D\u00e9couvertes-art actuel &#8211; Galeria Adriana Schmidt\u00a0&#8211; Paris [&hellip;]<\/p>\n","protected":false},"author":1,"featured_media":0,"parent":1870,"menu_order":0,"comment_status":"closed","ping_status":"closed","template":"","meta":{"site-sidebar-layout":"no-sidebar","site-content-layout":"page-builder","ast-site-content-layout":"full-width-container","site-content-style":"unboxed","site-sidebar-style":"unboxed","ast-global-header-display":"","ast-banner-title-visibility":"","ast-main-header-display":"","ast-hfb-above-header-display":"","ast-hfb-below-header-display":"","ast-hfb-mobile-header-display":"","site-post-title":"disabled","ast-breadcrumbs-content":"","ast-featured-img":"disabled","footer-sml-layout":"","ast-disable-related-posts":"","theme-transparent-header-meta":"default","adv-header-id-meta":"","stick-header-meta":"default","header-above-stick-meta":"","header-main-stick-meta":"","header-below-stick-meta":"","astra-migrate-meta-layouts":"default","ast-page-background-enabled":"default","ast-page-background-meta":{"desktop":{"background-color":"","background-image":"","background-repeat":"repeat","background-position":"center center","background-size":"auto","background-attachment":"scroll","background-type":"","background-media":"","overlay-type":"","overlay-color":"","overlay-opacity":"","overlay-gradient":""},"tablet":{"background-color":"","background-image":"","background-repeat":"repeat","background-position":"center center","background-size":"auto","background-attachment":"scroll","background-type":"","background-media":"","overlay-type":"","overlay-color":"","overlay-opacity":"","overlay-gradient":""},"mobile":{"background-color":"","background-image":"","background-repeat":"repeat","background-position":"center center","background-size":"auto","background-attachment":"scroll","background-type":"","background-media":"","overlay-type":"","overlay-color":"","overlay-opacity":"","overlay-gradient":""}},"ast-content-background-meta":{"desktop":{"background-color":"var(--ast-global-color-5)","background-image":"","background-repeat":"repeat","background-position":"center center","background-size":"auto","background-attachment":"scroll","background-type":"","background-media":"","overlay-type":"","overlay-color":"","overlay-opacity":"","overlay-gradient":""},"tablet":{"background-color":"var(--ast-global-color-5)","background-image":"","background-repeat":"repeat","background-position":"center center","background-size":"auto","background-attachment":"scroll","background-type":"","background-media":"","overlay-type":"","overlay-color":"","overlay-opacity":"","overlay-gradient":""},"mobile":{"background-color":"var(--ast-global-color-5)","background-image":"","background-repeat":"repeat","background-position":"center center","background-size":"auto","background-attachment":"scroll","background-type":"","background-media":"","overlay-type":"","overlay-color":"","overlay-opacity":"","overlay-gradient":""}},"footnotes":""},"class_list":["post-1328","page","type-page","status-publish","hentry"],"aioseo_notices":[],"_links":{"self":[{"href":"https:\/\/ernest-altes.net\/es\/wp-json\/wp\/v2\/pages\/1328","targetHints":{"allow":["GET"]}}],"collection":[{"href":"https:\/\/ernest-altes.net\/es\/wp-json\/wp\/v2\/pages"}],"about":[{"href":"https:\/\/ernest-altes.net\/es\/wp-json\/wp\/v2\/types\/page"}],"author":[{"embeddable":true,"href":"https:\/\/ernest-altes.net\/es\/wp-json\/wp\/v2\/users\/1"}],"replies":[{"embeddable":true,"href":"https:\/\/ernest-altes.net\/es\/wp-json\/wp\/v2\/comments?post=1328"}],"version-history":[{"count":3,"href":"https:\/\/ernest-altes.net\/es\/wp-json\/wp\/v2\/pages\/1328\/revisions"}],"predecessor-version":[{"id":3481,"href":"https:\/\/ernest-altes.net\/es\/wp-json\/wp\/v2\/pages\/1328\/revisions\/3481"}],"up":[{"embeddable":true,"href":"https:\/\/ernest-altes.net\/es\/wp-json\/wp\/v2\/pages\/1870"}],"wp:attachment":[{"href":"https:\/\/ernest-altes.net\/es\/wp-json\/wp\/v2\/media?parent=1328"}],"curies":[{"name":"wp","href":"https:\/\/api.w.org\/{rel}","templated":true}]}}