{"id":1316,"date":"2020-03-12T10:31:13","date_gmt":"2020-03-12T09:31:13","guid":{"rendered":"https:\/\/ernest-altes.net\/oeuvres\/"},"modified":"2025-11-08T18:15:55","modified_gmt":"2025-11-08T17:15:55","slug":"obras","status":"publish","type":"page","link":"https:\/\/ernest-altes.net\/es\/notas\/obras\/","title":{"rendered":"Obras"},"content":{"rendered":"\n\n\t<h1>\n\t\t\t\tObras\n\t\t\t<\/h1>\n\t<h2>\n\t\t\t\tP\u00fablicas\n\t\t\t<\/h2>\n\t<ul>\n<li>1986\n<ul>\n<li><strong>Catalunya<\/strong> &#8211; Port de Llan\u00e7\u00e0 (Girona &#8211; ES). \u2192\u00a0<a href=\"\/es\/esculturas\/catalunya\/\">detalles<\/a><\/li>\n<\/ul>\n<\/li>\n<li>1987\n<ul>\n<li><strong>Am\u00fasic (Guerrer Iber)<\/strong> &#8211; Vic (Barcelona &#8211; ES). \u2192\u00a0<a href=\"\/es\/esculturas\/amusic\/\">detalles<\/a><\/li>\n<\/ul>\n<\/li>\n<li>1990\n<ul>\n<li><strong>30.10.90 in Deutschland<\/strong> &#8211; L\u00fctzowplatz, Berlin (DE). \u2192\u00a0<a href=\"\/es\/esculturas\/30-10-90-in-deutschland\/\">detalles<\/a><\/li>\n<\/ul>\n<\/li>\n<li>1991\n<ul>\n<li><strong>3 Creus<\/strong> &#8211; Nou cementiri de Canillo, Canillo (AD). \u2192\u00a0<a href=\"\/es\/esculturas\/3-creus\/\">detalles<\/a><\/li>\n<\/ul>\n<\/li>\n<li>1993\n<ul>\n<li><strong>Andorra<\/strong> &#8211; Auditori Nacional, Ordino (AD). \u2192\u00a0<a href=\"\/es\/esculturas\/andorra\/\">detalles<\/a><\/li>\n<\/ul>\n<\/li>\n<li>1994\n<ul>\n<li><strong>Llibre (Homenatge a M. Mart\u00ed i Pol)<\/strong> &#8211; Pla\u00e7a Marti<br \/>\ni Pol, Sant Gregori (Girona &#8211; ES). \u2192\u00a0<a href=\"\/es\/esculturas\/llibre\/\">detalles<\/a><\/li>\n<li><strong>7 Creus<\/strong>\u00a0&#8211; Nou Cementiri, Ordino (AD). \u2192\u00a0<a href=\"\/es\/esculturas\/7-creus\/\">detalles<\/a><\/li>\n<\/ul>\n<\/li>\n<li>1998\n<ul>\n<li><strong>Triomf<\/strong> &#8211; Pla\u00e7a del Reg, Puigcerd\u00e0 (Girona &#8211; ES). \u2192\u00a0<a href=\"\/es\/esculturas\/triomf\/\">detalles<\/a><\/li>\n<li><strong>Tenacitat<\/strong> &#8211; Rotonda C-17, Carretera de Malla, Malla (Barcelona &#8211; ES). \u2192\u00a0<a href=\"\/es\/esculturas\/tenacitat\/\">detalles<\/a><\/li>\n<\/ul>\n<\/li>\n<li>1999\n<ul>\n<li><strong>Creu de la Guixa<\/strong> &#8211; Carrer Major, La Guixa, Sentfores (Barcelona &#8211; ES). \u2192\u00a0<a href=\"\/es\/esculturas\/creu-de-la-guixa\/\">detalles<\/a><\/li>\n<li><strong>Porta (de La Seu)<\/strong> &#8211; Cami Ral de Cerdanya, La Seu d&#8217;Urgell (Lleida &#8211; ES). \u2192\u00a0<a href=\"\/es\/esculturas\/porta-de-la-seu\/\">detalles<\/a><\/li>\n<\/ul>\n<\/li>\n<li>2000\n<ul>\n<li><strong>L&#8217;Anella de l&#8217;Ingla<\/strong> &#8211; Vall de l&#8217;Ingla, Bellver de Cerdanya (Lleida &#8211; ES). \u2192\u00a0<a href=\"\/es\/esculturas\/anella-de-ingla\/\">detalles<\/a><\/li>\n<\/ul>\n<\/li>\n<li>2001\n<ul>\n<li><strong>Tribut<\/strong> &#8211; Aire du Coglais, A 84 (Bretagne &#8211; FR). \u2192\u00a0<a href=\"\/es\/esculturas\/tribut\/\">detalles<\/a><\/li>\n<\/ul>\n<\/li>\n<li>2002\n<ul>\n<li><strong>G\u00e8nesis III<\/strong> &#8211; Jard\u00ed d&#8217;esculturas de la Fundaci\u00f3 Mir\u00f3. Montju\u00efc, Barcelona (ES). \u2192\u00a0<a href=\"\/es\/esculturas\/genesis-iii\/\">detalles<\/a><\/li>\n<\/ul>\n<\/li>\n<li>2004\n<ul>\n<li><strong>Di\u00e0spora<\/strong> &#8211; Carretera de Ponts, Copons (Barcelona &#8211; ES). \u2192\u00a0<a href=\"\/es\/esculturas\/diaspora\/\">detalles<\/a><\/li>\n<\/ul>\n<\/li>\n<li>2005\n<ul>\n<li><strong>Mirador de llevant<\/strong> &#8211; Pla\u00e7a Regne de Mallorca, Puigcerd\u00e0 (Girona &#8211; ES). \u2192\u00a0<a href=\"\/es\/esculturas\/mirador-de-llevant\/\">detalles<\/a><\/li>\n<\/ul>\n<\/li>\n<li>2006\n<ul>\n<li><strong>Claustre concret<\/strong> (\u0152uvre temporaire) &#8211; Vic (Osona &#8211; ES). \u2192\u00a0<a href=\"\/es\/esculturas\/claustre-concret\/\">detalles<\/a><\/li>\n<\/ul>\n<\/li>\n<li>2008\n<ul>\n<li><strong>Tots els arbres del m\u00f3n<\/strong> &#8211; Estany del Torniquet<br \/>\npr\u00e8s de l&#8217;h\u00f4pital Transfrontalier, Puigcerd\u00e0 (Girona &#8211; ES).\u00a0\u2192\u00a0<a title=\"Tots els arbres del m\u00f3n\" href=\"\/es\/esculturas\/tots-els-arbres-del-mon\/\">detalles<\/a><\/li>\n<li><strong>Espitllera<\/strong> &#8211; Auritz\/Burgueta (Navara &#8211; ES). \u2192\u00a0<a href=\"\/es\/esculturas\/espitllera\/\">detalles<\/a><\/li>\n<\/ul>\n<\/li>\n<li>2010\n<ul>\n<li><strong>Cr\u00f2nica (Pere III el Cerimoni\u00f3s)<\/strong> &#8211; Cru\u00eflla Avinguda Pere III El Cerimoni\u00f3s i el carrer R.J Sender, Reus (Tarragona &#8211; ES). \u2192\u00a0<a href=\"\/es\/esculturas\/cronica-pere-iii-el-cerimonios\/\">detalles<\/a><\/li>\n<\/ul>\n<\/li>\n<li>2012\n<ul>\n<li><strong>Arado<\/strong> &#8211; Jard\u00edn de nuestros pueblos, Sabi\u00f1\u00e1nigo (Huesca &#8211; ES). \u2192\u00a0<a href=\"\/es\/esculturas\/arado\/\">detalles<\/a><\/li>\n<\/ul>\n<\/li>\n<li>2014\n<ul>\n<li><strong>Ab\u00eeme fictif<\/strong> &#8211; Mus\u00e9e sans murs, Font-Romeu (FR). \u2192\u00a0<a href=\"\/es\/esculturas\/abime-fictif\/\">detalles<\/a><\/li>\n<\/ul>\n<\/li>\n<li>2015\n<ul>\n<li><strong>Natura humana<\/strong> &#8211; Moll del port de Barcelona, World Trade center, Barcelona (ES). \u2192\u00a0<a href=\"\/es\/esculturas\/natura-humana\/\">detalles<\/a><\/li>\n<\/ul>\n<\/li>\n<li>2017\n<ul>\n<li><strong>Fia-faia<\/strong> &#8211; Sant Juli\u00e0 de Cerdanyola. (Barcelona &#8211; ES). \u2192\u00a0<a href=\"\/es\/esculturas\/fia-faia\/\">detalles<\/a><\/li>\n<\/ul>\n<\/li>\n<li>2018\n<ul>\n<li><strong>Creu de Sant Andreu<\/strong> &#8211; Sant Andreu, Sag\u00e0s (Barcelona &#8211; ES). \u2192\u00a0<a href=\"\/es\/esculturas\/creu-de-sant-andreu\/\">detalles<\/a><\/li>\n<li><strong>Aquae<\/strong> &#8211; Pla\u00e7a Barcelona, Puigcerd\u00e0 (Girona &#8211; ES). \u2192\u00a0<a href=\"\/es\/esculturas\/aquae\/\">detalles<\/a><\/li>\n<\/ul>\n<\/li>\n<li>2019\n<ul>\n<li><strong>4 Recs<\/strong> &#8211; Pla\u00e7a de la Font, Prullans (Lleida &#8211; ES). \u2192\u00a0<a href=\"\/es\/esculturas\/4-recs\/\">detalles<\/a><\/li>\n<li><strong>Tossal (Memorial Escola)<\/strong> &#8211; Pla\u00e7a Major, All-Is\u00f2vol (Girona &#8211; ES). \u2192\u00a0<a href=\"\/es\/esculturas\/tossal-memorial-escola\/\">detalles<\/a><\/li>\n<\/ul>\n<\/li>\n<li>2020\n<ul>\n<li><strong>El pes de la llum<\/strong> &#8211; Carretera CG3, Massana &amp; Ordino (AD). \u2192\u00a0<a href=\"\/es\/esculturas\/el-pes-de-la-llum\/\">detalles<\/a><\/li>\n<\/ul>\n<\/li>\n<li>2021\n<ul>\n<li><strong>MHPresident Llu\u00eds Companys &#8211; Memorial<\/strong> &#8211; Avinguda Pau Claris, La Seu d&#8217;Urgell (Lleida-ES). \u2192\u00a0<a href=\"\/es\/esculturas\/mhpresident-lluis-companys-memorial\/\">detalles<\/a><\/li>\n<\/ul>\n<\/li>\n<li>2022\n<ul>\n<li><strong>Devoci\u00f3n<\/strong> &#8211; Av. A. Mu\u00f1oz Loriente, Sabi\u00f1\u00e1nigo (Huesca &#8211; ES). \u2192\u00a0<a href=\"\/es\/esculturas\/devocion\/\">detalles<\/a><\/li>\n<\/ul>\n<\/li>\n<li>2023\n<ul>\n<li><strong>ADN Volcanic<\/strong> &#8211; Parc de les esculturas, Valldoreix-Sant Cugat del Vall\u00e8s (Barcelona &#8211; ES). \u2192\u00a0<a href=\"\/es\/esculturas\/adn-volcanic\/\">detalles<\/a><\/li>\n<li><strong>Avenir<\/strong> &#8211; Jardins du Conseil d\u00e9partamental des Alpes-Maritimes, Nice (FR). \u2192\u00a0<a href=\"\/es\/esculturas\/avenir\/\">detalles<\/a><\/li>\n<\/ul>\n<\/li>\n<li>2024\n<ul>\n<li><strong>\u00abArbre\u00bb \u2022 Tribut<\/strong> &#8211; 191 Rambla de Moss\u00e8n Jacint Verdaguer, Valldoreix-Sant Cugat del Vall\u00e8s (Barcelone &#8211; ES). \u2192\u00a0<a href=\"\/es\/esculturas\/arbre-tribut\/\">detalles<\/a><\/li>\n<\/ul>\n<\/li>\n<li>2025\n<ul>\n<li><strong>\u00abVOLAR\u00bb<\/strong> &#8211; 254 Avenue des Pyr\u00e9n\u00e9es (Muret &#8211; FR). \u2192\u00a0<a href=\"\/es\/esculturas\/volar\/\">detalles<\/a><\/li>\n<\/ul>\n<\/li>\n<\/ul>\n\t<h2>\n\t\t\t\tMuseos, entidades, colecciones&#8230;\n\t\t\t<\/h2>\n\t<ul>\n<li>Mus\u00e9e d&#8217;Art Contemporain de G\u00e9rone (ES).<\/li>\n<li>Chalcographie Nationale de Madrid (ES).<\/li>\n<li>Mairie de Berl\u00edn (D).<\/li>\n<li>Mairie de Barcelona (ES).<\/li>\n<li>Mairie de Louvign\u00e9-du-D\u00e9sert (F).<\/li>\n<li>Mairie de Bolvir (ES).<\/li>\n<li>Universit\u00e9 de Vic (ES).<\/li>\n<li>Institut d&#8217;Estudis Catalans (Barcelona &#8211; ES).<\/li>\n<li>Fondation Palau i Fabra (Barcelona &#8211; ES).<\/li>\n<li>Fondation Pere Verg\u00e9s (Barcelona &#8211; ES).<\/li>\n<li>Fondation M.Mart\u00ed i Pol, Roda (Barcelona &#8211; ES).<\/li>\n<li>Col.legi de Metges (Barcelona &#8211; ES).<\/li>\n<li>Cl\u00ednica l&#8217;Alian\u00e7a, Vic (Barcelona &#8211; ES).<\/li>\n<li>Hospital de Vic (Barcelona &#8211; ES).<\/li>\n<li>Joventuts Musicals (Barcelona &#8211; ES).<\/li>\n<li>Agrupaci\u00f3 M\u00fatua (Barcelona &#8211; ES).<\/li>\n<li>\u00c9cole Garb\u00ed, Esplugues de Llobregat (Barcelona &#8211; ES).<\/li>\n<li>IES Egara. Terrassa (Barcelona &#8211; ES).<\/li>\n<li>Grupo AHEDO. Cort\u00e9s (Navarre &#8211; ES).<\/li>\n<li>SALGOT S.A. Aiguafreda (Barcelona &#8211; ES).<\/li>\n<li>Centre sportiff de Puigcerd\u00e0 (Girona &#8211; ES).<\/li>\n<\/ul>\n\n","protected":false},"excerpt":{"rendered":"<p>Obras P\u00fablicas 1986 Catalunya &#8211; Port de Llan\u00e7\u00e0 (Girona &#8211; ES). \u2192\u00a0detalles 1987 Am\u00fasic (Guerrer Iber) &#8211; Vic (Barcelona &#8211; ES). \u2192\u00a0detalles 1990 30.10.90 in Deutschland &#8211; L\u00fctzowplatz, Berlin (DE). \u2192\u00a0detalles 1991 3 Creus &#8211; Nou cementiri de Canillo, Canillo (AD). \u2192\u00a0detalles 1993 Andorra &#8211; Auditori Nacional, Ordino (AD). \u2192\u00a0detalles 1994 Llibre (Homenatge a M. [&hellip;]<\/p>\n","protected":false},"author":1,"featured_media":0,"parent":1870,"menu_order":0,"comment_status":"closed","ping_status":"closed","template":"","meta":{"site-sidebar-layout":"no-sidebar","site-content-layout":"page-builder","ast-site-content-layout":"default","site-content-style":"default","site-sidebar-style":"default","ast-global-header-display":"","ast-banner-title-visibility":"","ast-main-header-display":"","ast-hfb-above-header-display":"","ast-hfb-below-header-display":"","ast-hfb-mobile-header-display":"","site-post-title":"disabled","ast-breadcrumbs-content":"","ast-featured-img":"disabled","footer-sml-layout":"","ast-disable-related-posts":"","theme-transparent-header-meta":"default","adv-header-id-meta":"","stick-header-meta":"default","header-above-stick-meta":"","header-main-stick-meta":"","header-below-stick-meta":"","astra-migrate-meta-layouts":"default","ast-page-background-enabled":"default","ast-page-background-meta":{"desktop":{"background-color":"","background-image":"","background-repeat":"repeat","background-position":"center center","background-size":"auto","background-attachment":"scroll","background-type":"","background-media":"","overlay-type":"","overlay-color":"","overlay-opacity":"","overlay-gradient":""},"tablet":{"background-color":"","background-image":"","background-repeat":"repeat","background-position":"center center","background-size":"auto","background-attachment":"scroll","background-type":"","background-media":"","overlay-type":"","overlay-color":"","overlay-opacity":"","overlay-gradient":""},"mobile":{"background-color":"","background-image":"","background-repeat":"repeat","background-position":"center center","background-size":"auto","background-attachment":"scroll","background-type":"","background-media":"","overlay-type":"","overlay-color":"","overlay-opacity":"","overlay-gradient":""}},"ast-content-background-meta":{"desktop":{"background-color":"var(--ast-global-color-5)","background-image":"","background-repeat":"repeat","background-position":"center center","background-size":"auto","background-attachment":"scroll","background-type":"","background-media":"","overlay-type":"","overlay-color":"","overlay-opacity":"","overlay-gradient":""},"tablet":{"background-color":"var(--ast-global-color-5)","background-image":"","background-repeat":"repeat","background-position":"center center","background-size":"auto","background-attachment":"scroll","background-type":"","background-media":"","overlay-type":"","overlay-color":"","overlay-opacity":"","overlay-gradient":""},"mobile":{"background-color":"var(--ast-global-color-5)","background-image":"","background-repeat":"repeat","background-position":"center center","background-size":"auto","background-attachment":"scroll","background-type":"","background-media":"","overlay-type":"","overlay-color":"","overlay-opacity":"","overlay-gradient":""}},"footnotes":""},"class_list":["post-1316","page","type-page","status-publish","hentry"],"aioseo_notices":[],"_links":{"self":[{"href":"https:\/\/ernest-altes.net\/es\/wp-json\/wp\/v2\/pages\/1316","targetHints":{"allow":["GET"]}}],"collection":[{"href":"https:\/\/ernest-altes.net\/es\/wp-json\/wp\/v2\/pages"}],"about":[{"href":"https:\/\/ernest-altes.net\/es\/wp-json\/wp\/v2\/types\/page"}],"author":[{"embeddable":true,"href":"https:\/\/ernest-altes.net\/es\/wp-json\/wp\/v2\/users\/1"}],"replies":[{"embeddable":true,"href":"https:\/\/ernest-altes.net\/es\/wp-json\/wp\/v2\/comments?post=1316"}],"version-history":[{"count":3,"href":"https:\/\/ernest-altes.net\/es\/wp-json\/wp\/v2\/pages\/1316\/revisions"}],"predecessor-version":[{"id":3375,"href":"https:\/\/ernest-altes.net\/es\/wp-json\/wp\/v2\/pages\/1316\/revisions\/3375"}],"up":[{"embeddable":true,"href":"https:\/\/ernest-altes.net\/es\/wp-json\/wp\/v2\/pages\/1870"}],"wp:attachment":[{"href":"https:\/\/ernest-altes.net\/es\/wp-json\/wp\/v2\/media?parent=1316"}],"curies":[{"name":"wp","href":"https:\/\/api.w.org\/{rel}","templated":true}]}}