{"id":1311,"date":"2020-02-28T08:41:57","date_gmt":"2020-02-28T07:41:57","guid":{"rendered":"https:\/\/ernest-altes.net\/autobiographie\/"},"modified":"2025-11-05T08:35:44","modified_gmt":"2025-11-05T07:35:44","slug":"autobiografia","status":"publish","type":"page","link":"https:\/\/ernest-altes.net\/es\/notas\/autobiografia\/","title":{"rendered":"Autobiograf\u00eda"},"content":{"rendered":"\n\n\t<h1>\n\t\t\t\tautobiograf\u00eda\n\t\t\t<\/h1>\n\tNac\u00ed a finales de oto\u00f1o del 1956 en Vic (Osona &#8211; Catalu\u00f1a). Desde muy peque\u00f1o, tuve una relaci\u00f3n con la naturaleza de una manera bastante global : mar (Llan\u00e7\u00e0, Cap de Creus&#8230;), interior (Plana de Vic&#8230;) y monta\u00f1a (Les Guilleries, el Cabrer\u00e8s, el Pirineu&#8230;) as\u00ed como con el campo y el ganado (Horta de la Serra de Sant Ferm&#8230;).<br \/>\n\u200b<br \/>\nMe traslado a Barcelona para estudiar el Bachillerato.\n<ul>\n<li>1966-68 : Escola Isabel de Villena.<\/li>\n<li>1969-73 : Escola Garb\u00ed.<\/li>\n<\/ul>\n<p>Ambas de una pedagogia avanzada y con un profundo sentimiento del nacionalismo catal\u00e1n.<\/p>\nLa m\u00fasica, la literatura y las artes pl\u00e1sticas tienen un papel muy importante en la educaci\u00f3n.<br \/>\n\u200b<br \/>\nMi relaci\u00f3n con la ciudad es distante.<br \/>\n\u200b<br \/>\nHago las primeras esculturas con vidrios redondeados por el mar y con troncos, plumas y hojas.<br \/>\n\u200b<br \/>\nMe enfrento al primer cruce importante de mi vida : m\u00fasica (percusi\u00f3n) o artes pl\u00e1sticas.\n\t\t\t\t<a href=\"https:\/\/ernest-altes.net\/wp-content\/uploads\/2020\/03\/EA-BIOGRAFIA.jpg\" target=\"_self\"  itemprop=\"url\">\n\t\t\t\t<img decoding=\"async\" src=\"https:\/\/ernest-altes.net\/wp-content\/uploads\/bb-plugin\/cache\/EA-BIOGRAFIA-square.jpg\" alt=\"AUTOBIOGRAPHIE\" title=\"Autogiographie\" itemprop=\"image\"  \/>\n\t\t\t\t\t\t<\/a>\n<!-- If both -->\n\t<ul>\n\t\t\t\t<li>\n\t\t\t\t\t\t<!--date-->\n\t\t\t\t<!--Timeline-customcontent-->\n\t\t\t\t\t<p>1970<\/p>\n\t\t\t\t<!--\/.Timeline-customcontent-->\n\t\t\t<!--\/.date-->\n\t\t\t<!--icon-->\n\t\t\t<!--\/.icon-->\n\t\t\t<!--Timline-Content-->\n\t\t\t\t\t<!--Timline-Title-->\n\t\t\t\t\t\n\t\t\t\t\t<!--\/.Timline-Title-->\n\t\t\t\t\t<!--Timline-description-->\n\t\t\t\t\t<p>Viaje familiar a Italia : Mil\u00e1n, Florencia, Pisa y Venecia. Tengo conocimiento directo del arte del Renacimiento italiano (a\u00fan no me considero capaz de captarlo en toda su magnitud).Inicio mi relaci\u00f3n con los caballos de la mano del amigo Pere Salgot.<\/p>\n\t\t\t\t\t<!--\/.Timline-description-->\n\t\t\t<!--\/.Timline-Content-->\n\t\t<\/li>\n\t\t\t\t<li>\n\t\t\t\t\t\t<!--date-->\n\t\t\t\t<!--Timeline-customcontent-->\n\t\t\t\t\t<p>1973<\/p>\n\t\t\t\t<!--\/.Timeline-customcontent-->\n\t\t\t<!--\/.date-->\n\t\t\t<!--icon-->\n\t\t\t<!--\/.icon-->\n\t\t\t<!--Timline-Content-->\n\t\t\t\t\t<!--Timline-Title-->\n\t\t\t\t\t\n\t\t\t\t\t<!--\/.Timline-Title-->\n\t\t\t\t\t<!--Timline-description-->\n\t\t\t\t\t<p>Mis padres me dan pleno soporte para que me dedique al mundo del arte.Visito las cuevas de Altamira con el amigo Narc\u00eds Clavell.<\/p>\n\t\t\t\t\t<!--\/.Timline-description-->\n\t\t\t<!--\/.Timline-Content-->\n\t\t<\/li>\n\t\t\t\t<li>\n\t\t\t\t\t\t<!--date-->\n\t\t\t\t<!--Timeline-customcontent-->\n\t\t\t\t\t<p>1974<\/p>\n\t\t\t\t<!--\/.Timeline-customcontent-->\n\t\t\t<!--\/.date-->\n\t\t\t<!--icon-->\n\t\t\t<!--\/.icon-->\n\t\t\t<!--Timline-Content-->\n\t\t\t\t\t<!--Timline-Title-->\n\t\t\t\t\t\n\t\t\t\t\t<!--\/.Timline-Title-->\n\t\t\t\t\t<!--Timline-description-->\n\t\t\t\t\t<p>Hago el curso preparatorio en la escuela Massana donde aprovecho m\u00e1s la formaci\u00f3n human\u00edstica que la art\u00edstica (profesora M.A.Rucabado).Conozco la obra escult\u00f3rica y literaria del artista basco Oteiza.<\/p>\n\t\t\t\t\t<!--\/.Timline-description-->\n\t\t\t<!--\/.Timline-Content-->\n\t\t<\/li>\n\t\t\t\t<li>\n\t\t\t\t\t\t<!--date-->\n\t\t\t\t<!--Timeline-customcontent-->\n\t\t\t\t\t<p>1975<\/p>\n\t\t\t\t<!--\/.Timeline-customcontent-->\n\t\t\t<!--\/.date-->\n\t\t\t<!--icon-->\n\t\t\t<!--\/.icon-->\n\t\t\t<!--Timline-Content-->\n\t\t\t\t\t<!--Timline-Title-->\n\t\t\t\t\t\n\t\t\t\t\t<!--\/.Timline-Title-->\n\t\t\t\t\t<!--Timline-description-->\n\t\t\t\t\t<p>Reparto el tiempo entre el Mas Freixenet (Muntanyola-Osona) donde vivir\u00e9 hasta el a\u00f1o 1992 y Olot, donde estudio grabado en la escuela de Bellas Artes con el maestro Vil\u00e0-Moncau.<\/p>\n<p>Profundizo en el estudio de la est\u00e9tica taoista y leo la obra completa de Herman Hesse. Escult\u00f3ricamente investigo la combinaci\u00f3n de \u00abobjects trouv\u00e9s\u00bb.<\/p>\n\t\t\t\t\t<!--\/.Timline-description-->\n\t\t\t<!--\/.Timline-Content-->\n\t\t<\/li>\n\t\t\t\t<li>\n\t\t\t\t\t\t<!--date-->\n\t\t\t\t<!--Timeline-customcontent-->\n\t\t\t\t\t<p>1976<\/p>\n\t\t\t\t<!--\/.Timeline-customcontent-->\n\t\t\t<!--\/.date-->\n\t\t\t<!--icon-->\n\t\t\t<!--\/.icon-->\n\t\t\t<!--Timline-Content-->\n\t\t\t\t\t<!--Timline-Title-->\n\t\t\t\t\t\n\t\t\t\t\t<!--\/.Timline-Title-->\n\t\t\t\t\t<!--Timline-description-->\n\t\t\t\t\t<p>Estudio la t\u00e9cnica de la talla de madera en la escuela Llotja de Barcelona.Viajo a Egipto : Gizeh, Luxor, Assuan, Abu Simbel, gigantes de Memnon&#8230;,donde experimento por primera vez la sensaci\u00f3n de espacio total en una obra realizada por el hombre y donde inicio mi relaci\u00f3n con el Sahara.Visito el Acr\u00f3polis de Atenas.<\/p>\n\t\t\t\t\t<!--\/.Timline-description-->\n\t\t\t<!--\/.Timline-Content-->\n\t\t<\/li>\n\t\t\t\t<li>\n\t\t\t\t\t\t<!--date-->\n\t\t\t\t<!--Timeline-customcontent-->\n\t\t\t\t\t<p>1977<\/p>\n\t\t\t\t<!--\/.Timeline-customcontent-->\n\t\t\t<!--\/.date-->\n\t\t\t<!--icon-->\n\t\t\t<!--\/.icon-->\n\t\t\t<!--Timline-Content-->\n\t\t\t\t\t<!--Timline-Title-->\n\t\t\t\t\t\n\t\t\t\t\t<!--\/.Timline-Title-->\n\t\t\t\t\t<!--Timline-description-->\n\t\t\t\t\t<p>Hago mi primera exposici\u00f3n p\u00fablica en la galer\u00eda \u00abLa Tralla\u00bb (Vic) de dibujos y esculturas.Empiezo a trabajar la forja con el herrero Ramon Serra de Santa Eul\u00e0lia de Riuprimer (Osona).<\/p>\n\t\t\t\t\t<!--\/.Timline-description-->\n\t\t\t<!--\/.Timline-Content-->\n\t\t<\/li>\n\t\t\t\t<li>\n\t\t\t\t\t\t<!--date-->\n\t\t\t\t<!--Timeline-customcontent-->\n\t\t\t\t\t<p>1978<\/p>\n\t\t\t\t<!--\/.Timeline-customcontent-->\n\t\t\t<!--\/.date-->\n\t\t\t<!--icon-->\n\t\t\t<!--\/.icon-->\n\t\t\t<!--Timline-Content-->\n\t\t\t\t\t<!--Timline-Title-->\n\t\t\t\t\t\n\t\t\t\t\t<!--\/.Timline-Title-->\n\t\t\t\t\t<!--Timline-description-->\n\t\t\t\t\t<p>A\u00f1o vivido en Menorca donde incorporo la piedra a mi obra que se decanta absolutamente hacia la escultura.<\/p>\n\t\t\t\t\t<!--\/.Timline-description-->\n\t\t\t<!--\/.Timline-Content-->\n\t\t<\/li>\n\t\t\t\t<li>\n\t\t\t\t\t\t<!--date-->\n\t\t\t\t<!--Timeline-customcontent-->\n\t\t\t\t\t<p>1979<\/p>\n\t\t\t\t<!--\/.Timeline-customcontent-->\n\t\t\t<!--\/.date-->\n\t\t\t<!--icon-->\n\t\t\t<!--\/.icon-->\n\t\t\t<!--Timline-Content-->\n\t\t\t\t\t<!--Timline-Title-->\n\t\t\t\t\t\n\t\t\t\t\t<!--\/.Timline-Title-->\n\t\t\t\t\t<!--Timline-description-->\n\t\t\t\t\t<p>Estancia en M\u00e9xico para preparar una exposici\u00f3n en la Galeria Pecanins. Viajo a Guatemala, Oaxaca, Yucat\u00e1n, Barrancas del Cobre, Chihuahua, Desierto de Sonora, Baja California&#8230; Conozco la obra de los pueblos, maya, azteca i olmeca.Vivo y trabajo en el taller del escultor Eduardo Olbes en Tepotzlan (Morelos).Empiezo una serie de conversaciones sobre \u00e9tica y est\u00e9tica con el dise\u00f1ador Jordi Casablancas.<\/p>\n\t\t\t\t\t<!--\/.Timline-description-->\n\t\t\t<!--\/.Timline-Content-->\n\t\t<\/li>\n\t\t\t\t<li>\n\t\t\t\t\t\t<!--date-->\n\t\t\t\t<!--Timeline-customcontent-->\n\t\t\t\t\t<p>1980<\/p>\n\t\t\t\t<!--\/.Timeline-customcontent-->\n\t\t\t<!--\/.date-->\n\t\t\t<!--icon-->\n\t\t\t<!--\/.icon-->\n\t\t\t<!--Timline-Content-->\n\t\t\t\t\t<!--Timline-Title-->\n\t\t\t\t\t\n\t\t\t\t\t<!--\/.Timline-Title-->\n\t\t\t\t\t<!--Timline-description-->\n\t\t\t\t\t<p>Voy al Sahara con un equipo de la televisi\u00f3n mexicana para filmar los documentales :Tassili N&#8217;ajjer (centro de pinturas y grabados rupestres) y el Polisario (la resistencia de la naci\u00f3n saharaui). Conozco el pueblo tuareg.En mi obra empiezo a cambiar el n\u00fam.3 por el n\u00fam.4, es decir, el triangulo por el cuadrado.<\/p>\n\t\t\t\t\t<!--\/.Timline-description-->\n\t\t\t<!--\/.Timline-Content-->\n\t\t<\/li>\n\t\t\t\t<li>\n\t\t\t\t\t\t<!--date-->\n\t\t\t\t<!--Timeline-customcontent-->\n\t\t\t\t\t<p>1981<\/p>\n\t\t\t\t<!--\/.Timeline-customcontent-->\n\t\t\t<!--\/.date-->\n\t\t\t<!--icon-->\n\t\t\t<!--\/.icon-->\n\t\t\t<!--Timline-Content-->\n\t\t\t\t\t<!--Timline-Title-->\n\t\t\t\t\t\n\t\t\t\t\t<!--\/.Timline-Title-->\n\t\t\t\t\t<!--Timline-description-->\n\t\t\t\t\t<p>Vuelvo a Menorca para profundizar en el estudio de su cultura megal\u00edtica.Voy a los Picos de Europa (Ast\u00farias).Primera exposici\u00f3n en Barcelona: Tom Maddock Gallery.<\/p>\n\t\t\t\t\t<!--\/.Timline-description-->\n\t\t\t<!--\/.Timline-Content-->\n\t\t<\/li>\n\t\t\t\t<li>\n\t\t\t\t\t\t<!--date-->\n\t\t\t\t<!--Timeline-customcontent-->\n\t\t\t\t\t<p>1983<\/p>\n\t\t\t\t<!--\/.Timeline-customcontent-->\n\t\t\t<!--\/.date-->\n\t\t\t<!--icon-->\n\t\t\t<!--\/.icon-->\n\t\t\t<!--Timline-Content-->\n\t\t\t\t\t<!--Timline-Title-->\n\t\t\t\t\t\n\t\t\t\t\t<!--\/.Timline-Title-->\n\t\t\t\t\t<!--Timline-description-->\n\t\t\t\t\t<p>Visito las formaciones bas\u00e1lticas del Hoggar (S\u00e0hara).<\/p>\n\t\t\t\t\t<!--\/.Timline-description-->\n\t\t\t<!--\/.Timline-Content-->\n\t\t<\/li>\n\t\t\t\t<li>\n\t\t\t\t\t\t<!--date-->\n\t\t\t\t<!--Timeline-customcontent-->\n\t\t\t\t\t<p>1986<\/p>\n\t\t\t\t<!--\/.Timeline-customcontent-->\n\t\t\t<!--\/.date-->\n\t\t\t<!--icon-->\n\t\t\t<!--\/.icon-->\n\t\t\t<!--Timline-Content-->\n\t\t\t\t\t<!--Timline-Title-->\n\t\t\t\t\t\n\t\t\t\t\t<!--\/.Timline-Title-->\n\t\t\t\t\t<!--Timline-description-->\n\t\t\t\t\t<p>Vuelvo al Sahara en verano, donde conozco la aut\u00e9ntica dimensi\u00f3n del desierto.Participo en la segunda \u00abFira de l&#8217;escultura al carrer de T\u00e0rrega\u00bb donde hago mi primera escultura de grandes dimensiones.<\/p>\n\t\t\t\t\t<!--\/.Timline-description-->\n\t\t\t<!--\/.Timline-Content-->\n\t\t<\/li>\n\t\t\t\t<li>\n\t\t\t\t\t\t<!--date-->\n\t\t\t\t<!--Timeline-customcontent-->\n\t\t\t\t\t<p>1987<\/p>\n\t\t\t\t<!--\/.Timeline-customcontent-->\n\t\t\t<!--\/.date-->\n\t\t\t<!--icon-->\n\t\t\t<!--\/.icon-->\n\t\t\t<!--Timline-Content-->\n\t\t\t\t\t<!--Timline-Title-->\n\t\t\t\t\t\n\t\t\t\t\t<!--\/.Timline-Title-->\n\t\t\t\t\t<!--Timline-description-->\n\t\t\t\t\t<p>Vuelvo a trabajar el grabado (en Barbar\u00e0 TALLER 46 con la colaboraci\u00f3n de Virgili Barbar\u00e0) y el dibujo.<\/p>\n\t\t\t\t\t<!--\/.Timline-description-->\n\t\t\t<!--\/.Timline-Content-->\n\t\t<\/li>\n\t\t\t\t<li>\n\t\t\t\t\t\t<!--date-->\n\t\t\t\t<!--Timeline-customcontent-->\n\t\t\t\t\t<p>1988<\/p>\n\t\t\t\t<!--\/.Timeline-customcontent-->\n\t\t\t<!--\/.date-->\n\t\t\t<!--icon-->\n\t\t\t<!--\/.icon-->\n\t\t\t<!--Timline-Content-->\n\t\t\t\t\t<!--Timline-Title-->\n\t\t\t\t\t\n\t\t\t\t\t<!--\/.Timline-Title-->\n\t\t\t\t\t<!--Timline-description-->\n\t\t\t\t\t<p>Viaje al Atlas (Marruecos).<\/p>\n\t\t\t\t\t<!--\/.Timline-description-->\n\t\t\t<!--\/.Timline-Content-->\n\t\t<\/li>\n\t\t\t\t<li>\n\t\t\t\t\t\t<!--date-->\n\t\t\t\t<!--Timeline-customcontent-->\n\t\t\t\t\t<p>1989<\/p>\n\t\t\t\t<!--\/.Timeline-customcontent-->\n\t\t\t<!--\/.date-->\n\t\t\t<!--icon-->\n\t\t\t<!--\/.icon-->\n\t\t\t<!--Timline-Content-->\n\t\t\t\t\t<!--Timline-Title-->\n\t\t\t\t\t\n\t\t\t\t\t<!--\/.Timline-Title-->\n\t\t\t\t\t<!--Timline-description-->\n\t\t\t\t\t<p>Me caso con Marina.Intenso aprendizaje en el trabajo del barro y el fuego con el ceramista K. Dan\u00e9s y el escultor A. Garraza.<\/p>\n\t\t\t\t\t<!--\/.Timline-description-->\n\t\t\t<!--\/.Timline-Content-->\n\t\t<\/li>\n\t\t\t\t<li>\n\t\t\t\t\t\t<!--date-->\n\t\t\t\t<!--Timeline-customcontent-->\n\t\t\t\t\t<p>1990<\/p>\n\t\t\t\t<!--\/.Timeline-customcontent-->\n\t\t\t<!--\/.date-->\n\t\t\t<!--icon-->\n\t\t\t<!--\/.icon-->\n\t\t\t<!--Timline-Content-->\n\t\t\t\t\t<!--Timline-Title-->\n\t\t\t\t\t\n\t\t\t\t\t<!--\/.Timline-Title-->\n\t\t\t\t\t<!--Timline-description-->\n\t\t\t\t\t<p>Me invitan a participar en el Symposium de L\u00fctzowplatz (Berl\u00edn) donde resido dos meses.Empiezo a trabajar con la Galer\u00eda Scheffel (Bad Homburg).<\/p>\n\t\t\t\t\t<!--\/.Timline-description-->\n\t\t\t<!--\/.Timline-Content-->\n\t\t<\/li>\n\t\t\t\t<li>\n\t\t\t\t\t\t<!--date-->\n\t\t\t\t<!--Timeline-customcontent-->\n\t\t\t\t\t<p>1991<\/p>\n\t\t\t\t<!--\/.Timeline-customcontent-->\n\t\t\t<!--\/.date-->\n\t\t\t<!--icon-->\n\t\t\t<!--\/.icon-->\n\t\t\t<!--Timline-Content-->\n\t\t\t\t\t<!--Timline-Title-->\n\t\t\t\t\t\n\t\t\t\t\t<!--\/.Timline-Title-->\n\t\t\t\t\t<!--Timline-description-->\n\t\t\t\t\t<p>Voy al centro gran\u00edtico de Sidobre, (Francia).<\/p>\n\t\t\t\t\t<!--\/.Timline-description-->\n\t\t\t<!--\/.Timline-Content-->\n\t\t<\/li>\n\t\t\t\t<li>\n\t\t\t\t\t\t<!--date-->\n\t\t\t\t<!--Timeline-customcontent-->\n\t\t\t\t\t<p>1992<\/p>\n\t\t\t\t<!--\/.Timeline-customcontent-->\n\t\t\t<!--\/.date-->\n\t\t\t<!--icon-->\n\t\t\t<!--\/.icon-->\n\t\t\t<!--Timline-Content-->\n\t\t\t\t\t<!--Timline-Title-->\n\t\t\t\t\t\n\t\t\t\t\t<!--\/.Timline-Title-->\n\t\t\t\t\t<!--Timline-description-->\n\t\t\t\t\t<p>Nace Nina.Nos trasladamos a vivir a All (La Cerdanya).Edito, con el poeta M. Mart\u00ed i Pol, el libro \u00abEl silenci\u00bb (poemas i grabados). Editorial Mai\u00e0, (Andorra).<\/p>\n\t\t\t\t\t<!--\/.Timline-description-->\n\t\t\t<!--\/.Timline-Content-->\n\t\t<\/li>\n\t\t\t\t<li>\n\t\t\t\t\t\t<!--date-->\n\t\t\t\t<!--Timeline-customcontent-->\n\t\t\t\t\t<p>1993<\/p>\n\t\t\t\t<!--\/.Timeline-customcontent-->\n\t\t\t<!--\/.date-->\n\t\t\t<!--icon-->\n\t\t\t<!--\/.icon-->\n\t\t\t<!--Timline-Content-->\n\t\t\t\t\t<!--Timline-Title-->\n\t\t\t\t\t\n\t\t\t\t\t<!--\/.Timline-Title-->\n\t\t\t\t\t<!--Timline-description-->\n\t\t\t\t\t<p>\u00abLa presencia, normalmente, viene dada por la sombra.\u00bbMe hago una fragua en casa (el altar del herrero).Asisto al congreso \u00abLa Farga catalana\u00bb, (Ripoll).<\/p>\n\t\t\t\t\t<!--\/.Timline-description-->\n\t\t\t<!--\/.Timline-Content-->\n\t\t<\/li>\n\t\t\t\t<li>\n\t\t\t\t\t\t<!--date-->\n\t\t\t\t<!--Timeline-customcontent-->\n\t\t\t\t\t<p>1994<\/p>\n\t\t\t\t<!--\/.Timeline-customcontent-->\n\t\t\t<!--\/.date-->\n\t\t\t<!--icon-->\n\t\t\t<!--\/.icon-->\n\t\t\t<!--Timline-Content-->\n\t\t\t\t\t<!--Timline-Title-->\n\t\t\t\t\t\n\t\t\t\t\t<!--\/.Timline-Title-->\n\t\t\t\t\t<!--Timline-description-->\n\t\t\t\t\t<p>Conozco el ingeniero Tom\u00e1s L\u00f3pez que me inicia en la t\u00e9cnica de la estampaci\u00f3n de los metales en fr\u00edo.\u00bbPierdo en intensidad porque gano en l\u00f3gica.\u00bb<\/p>\n\t\t\t\t\t<!--\/.Timline-description-->\n\t\t\t<!--\/.Timline-Content-->\n\t\t<\/li>\n\t\t\t\t<li>\n\t\t\t\t\t\t<!--date-->\n\t\t\t\t<!--Timeline-customcontent-->\n\t\t\t\t\t<p>1995<\/p>\n\t\t\t\t<!--\/.Timeline-customcontent-->\n\t\t\t<!--\/.date-->\n\t\t\t<!--icon-->\n\t\t\t<!--\/.icon-->\n\t\t\t<!--Timline-Content-->\n\t\t\t\t\t<!--Timline-Title-->\n\t\t\t\t\t\n\t\t\t\t\t<!--\/.Timline-Title-->\n\t\t\t\t\t<!--Timline-description-->\n\t\t\t\t\t<p>\u00abEmpiezo a ver la otra cara\u00bb.Euzkadi: visito Arretxinaga (consagraci\u00f3n de la piedra) y peines del viento &#8211; Chillida &#8211; (consagraci\u00f3n del hierro).<\/p>\n\t\t\t\t\t<!--\/.Timline-description-->\n\t\t\t<!--\/.Timline-Content-->\n\t\t<\/li>\n\t\t\t\t<li>\n\t\t\t\t\t\t<!--date-->\n\t\t\t\t<!--Timeline-customcontent-->\n\t\t\t\t\t<p>1996<\/p>\n\t\t\t\t<!--\/.Timeline-customcontent-->\n\t\t\t<!--\/.date-->\n\t\t\t<!--icon-->\n\t\t\t<!--\/.icon-->\n\t\t\t<!--Timline-Content-->\n\t\t\t\t\t<!--Timline-Title-->\n\t\t\t\t\t\n\t\t\t\t\t<!--\/.Timline-Title-->\n\t\t\t\t\t<!--Timline-description-->\n\t\t\t\t\t<p>\u00a0\u00abHay dos tipos de artistas : los que piensan que el mundo ha de estar agradecido de que existan y los que agradecemos al mundo poder existir.\u00bb<\/p>\n\t\t\t\t\t<!--\/.Timline-description-->\n\t\t\t<!--\/.Timline-Content-->\n\t\t<\/li>\n\t\t\t\t<li>\n\t\t\t\t\t\t<!--date-->\n\t\t\t\t<!--Timeline-customcontent-->\n\t\t\t\t\t<p>1997<\/p>\n\t\t\t\t<!--\/.Timeline-customcontent-->\n\t\t\t<!--\/.date-->\n\t\t\t<!--icon-->\n\t\t\t<!--\/.icon-->\n\t\t\t<!--Timline-Content-->\n\t\t\t\t\t<!--Timline-Title-->\n\t\t\t\t\t\n\t\t\t\t\t<!--\/.Timline-Title-->\n\t\t\t\t\t<!--Timline-description-->\n\t\t\t\t\t<p>Nace Marc.Hacemos, con Jordi Coca \u00abEl llibre de l&#8217;aigua\u00bb basado en unos haik\u00fas de Matsuo Bash\u00f2, (Boza editor).<\/p>\n\t\t\t\t\t<!--\/.Timline-description-->\n\t\t\t<!--\/.Timline-Content-->\n\t\t<\/li>\n\t\t\t\t<li>\n\t\t\t\t\t\t<!--date-->\n\t\t\t\t<!--Timeline-customcontent-->\n\t\t\t\t\t<p>1998<\/p>\n\t\t\t\t<!--\/.Timeline-customcontent-->\n\t\t\t<!--\/.date-->\n\t\t\t<!--icon-->\n\t\t\t<!--\/.icon-->\n\t\t\t<!--Timline-Content-->\n\t\t\t\t\t<!--Timline-Title-->\n\t\t\t\t\t\n\t\t\t\t\t<!--\/.Timline-Title-->\n\t\t\t\t\t<!--Timline-description-->\n\t\t\t\t\t<p>\u00abYo participo del arte concreto y corp\u00f3reo, el ef\u00edmero e intangible lo veo constantemente en la naturaleza y no me atrevo con \u00e9l\u00bb.<\/p>\n\t\t\t\t\t<!--\/.Timline-description-->\n\t\t\t<!--\/.Timline-Content-->\n\t\t<\/li>\n\t\t\t\t<li>\n\t\t\t\t\t\t<!--date-->\n\t\t\t\t<!--Timeline-customcontent-->\n\t\t\t\t\t<p>1999<\/p>\n\t\t\t\t<!--\/.Timeline-customcontent-->\n\t\t\t<!--\/.date-->\n\t\t\t<!--icon-->\n\t\t\t<!--\/.icon-->\n\t\t\t<!--Timline-Content-->\n\t\t\t\t\t<!--Timline-Title-->\n\t\t\t\t\t\n\t\t\t\t\t<!--\/.Timline-Title-->\n\t\t\t\t\t<!--Timline-description-->\n\t\t\t\t\t<p>Hago la escultura \u00abPorta (de la Seu)\u00bb.<\/p>\n\t\t\t\t\t<!--\/.Timline-description-->\n\t\t\t<!--\/.Timline-Content-->\n\t\t<\/li>\n\t\t\t\t<li>\n\t\t\t\t\t\t<!--date-->\n\t\t\t\t<!--Timeline-customcontent-->\n\t\t\t\t\t<p>2001<\/p>\n\t\t\t\t<!--\/.Timeline-customcontent-->\n\t\t\t<!--\/.date-->\n\t\t\t<!--icon-->\n\t\t\t<!--\/.icon-->\n\t\t\t<!--Timline-Content-->\n\t\t\t\t\t<!--Timline-Title-->\n\t\t\t\t\t\n\t\t\t\t\t<!--\/.Timline-Title-->\n\t\t\t\t\t<!--Timline-description-->\n\t\t\t\t\t<p>\u00abNormalmente, en mi trabajo, el hierro hace gran ostentaci\u00f3n de energ\u00eda, pero la piedra, quieta, sabe que tiene todos los secretos.\u00bbEstancia en la Breta\u00f1a francesa. Tierra intensa. Mar.<\/p>\n\t\t\t\t\t<!--\/.Timline-description-->\n\t\t\t<!--\/.Timline-Content-->\n\t\t<\/li>\n\t\t\t\t<li>\n\t\t\t\t\t\t<!--date-->\n\t\t\t\t<!--Timeline-customcontent-->\n\t\t\t\t\t<p>2002<\/p>\n\t\t\t\t<!--\/.Timeline-customcontent-->\n\t\t\t<!--\/.date-->\n\t\t\t<!--icon-->\n\t\t\t<!--\/.icon-->\n\t\t\t<!--Timline-Content-->\n\t\t\t\t\t<!--Timline-Title-->\n\t\t\t\t\t\n\t\t\t\t\t<!--\/.Timline-Title-->\n\t\t\t\t\t<!--Timline-description-->\n\t\t\t\t\t<p>\u00abLas obras art\u00edsticas que operan en el espacio virtual, no me interesan demasiado porque, para a m\u00ed, el espacio virtual es el de las ideas, no el de las obras\u00bb.<\/p>\n\t\t\t\t\t<!--\/.Timline-description-->\n\t\t\t<!--\/.Timline-Content-->\n\t\t<\/li>\n\t\t\t\t<li>\n\t\t\t\t\t\t<!--date-->\n\t\t\t\t<!--Timeline-customcontent-->\n\t\t\t\t\t<p>2003<\/p>\n\t\t\t\t<!--\/.Timeline-customcontent-->\n\t\t\t<!--\/.date-->\n\t\t\t<!--icon-->\n\t\t\t<!--\/.icon-->\n\t\t\t<!--Timline-Content-->\n\t\t\t\t\t<!--Timline-Title-->\n\t\t\t\t\t\n\t\t\t\t\t<!--\/.Timline-Title-->\n\t\t\t\t\t<!--Timline-description-->\n\t\t\t\t\t<p>\u00abEn mi obra, reconozco mas influencias de Nina Simone que de Picasso\u00bb.<\/p>\n\t\t\t\t\t<!--\/.Timline-description-->\n\t\t\t<!--\/.Timline-Content-->\n\t\t<\/li>\n\t\t\t\t<li>\n\t\t\t\t\t\t<!--date-->\n\t\t\t\t<!--Timeline-customcontent-->\n\t\t\t\t\t<p>2004<\/p>\n\t\t\t\t<!--\/.Timeline-customcontent-->\n\t\t\t<!--\/.date-->\n\t\t\t<!--icon-->\n\t\t\t<!--\/.icon-->\n\t\t\t<!--Timline-Content-->\n\t\t\t\t\t<!--Timline-Title-->\n\t\t\t\t\t\n\t\t\t\t\t<!--\/.Timline-Title-->\n\t\t\t\t\t<!--Timline-description-->\n\t\t\t\t\t<p>Realizo la escultura \u00abDi\u00e0spora\u00bb en la que empiezo a trabajar la forja industrial en Euzkadi.<\/p>\n\t\t\t\t\t<!--\/.Timline-description-->\n\t\t\t<!--\/.Timline-Content-->\n\t\t<\/li>\n\t\t\t\t<li>\n\t\t\t\t\t\t<!--date-->\n\t\t\t\t<!--Timeline-customcontent-->\n\t\t\t\t\t<p>2005<\/p>\n\t\t\t\t<!--\/.Timeline-customcontent-->\n\t\t\t<!--\/.date-->\n\t\t\t<!--icon-->\n\t\t\t<!--\/.icon-->\n\t\t\t<!--Timline-Content-->\n\t\t\t\t\t<!--Timline-Title-->\n\t\t\t\t\t\n\t\t\t\t\t<!--\/.Timline-Title-->\n\t\t\t\t\t<!--Timline-description-->\n\t\t\t\t\t<p>Hacemos, con el arquitecto Xavi Cosp, el Mirador de Llevant (Puigcerd\u00e0).<\/p>\n\t\t\t\t\t<!--\/.Timline-description-->\n\t\t\t<!--\/.Timline-Content-->\n\t\t<\/li>\n\t\t\t\t<li>\n\t\t\t\t\t\t<!--date-->\n\t\t\t\t<!--Timeline-customcontent-->\n\t\t\t\t\t<p>2006<\/p>\n\t\t\t\t<!--\/.Timeline-customcontent-->\n\t\t\t<!--\/.date-->\n\t\t\t<!--icon-->\n\t\t\t<!--\/.icon-->\n\t\t\t<!--Timline-Content-->\n\t\t\t\t\t<!--Timline-Title-->\n\t\t\t\t\t\n\t\t\t\t\t<!--\/.Timline-Title-->\n\t\t\t\t\t<!--Timline-description-->\n\t\t\t\t\t<p>\u00abA m\u00ed me interesa la naturaleza, no el paisaje, con la que me relaciono de una manera mas que culta, instintiva\u00bb.Realizo \u00abClaustre concret \u00bb en la Catedral de Vic, mi primera obra p\u00fablica temporal.<\/p>\n\t\t\t\t\t<!--\/.Timline-description-->\n\t\t\t<!--\/.Timline-Content-->\n\t\t<\/li>\n\t\t\t\t<li>\n\t\t\t\t\t\t<!--date-->\n\t\t\t\t<!--Timeline-customcontent-->\n\t\t\t\t\t<p>2007<\/p>\n\t\t\t\t<!--\/.Timeline-customcontent-->\n\t\t\t<!--\/.date-->\n\t\t\t<!--icon-->\n\t\t\t<!--\/.icon-->\n\t\t\t<!--Timline-Content-->\n\t\t\t\t\t<!--Timline-Title-->\n\t\t\t\t\t\n\t\t\t\t\t<!--\/.Timline-Title-->\n\t\t\t\t\t<!--Timline-description-->\n\t\t\t\t\t<p>\u00abMe empieza a costar dejar pasar el tiempo\u00bb\u00bbMientras hay artistas que leen y digieren palabras de otros, yo prefiero caminar y observar los arboles hacia arriba y el agua hacia abajo\u00bb.<\/p>\n\t\t\t\t\t<!--\/.Timline-description-->\n\t\t\t<!--\/.Timline-Content-->\n\t\t<\/li>\n\t\t\t\t<li>\n\t\t\t\t\t\t<!--date-->\n\t\t\t\t<!--Timeline-customcontent-->\n\t\t\t\t\t<p>2008<\/p>\n\t\t\t\t<!--\/.Timeline-customcontent-->\n\t\t\t<!--\/.date-->\n\t\t\t<!--icon-->\n\t\t\t<!--\/.icon-->\n\t\t\t<!--Timline-Content-->\n\t\t\t\t\t<!--Timline-Title-->\n\t\t\t\t\t\n\t\t\t\t\t<!--\/.Timline-Title-->\n\t\t\t\t\t<!--Timline-description-->\n\t\t\t\t\t<p>Viaje a Grecia: origen de nuestra cultura y nuestros valores. Visito los teatros de Epicuro,de Dionisio, el Acr\u00f3polis, el templo de Zeus y Delfos que, tal como dice Jordi Coca : \u00absi los Dioses existen, est\u00e1n all\u00ed\u00bb. Tambi\u00e9n conozco Meteora -\u00bfcomo puede ser que yo viviera sin saber de su existencia?- y el arte de las islas C\u00edcladas que hace 3.000 a\u00f1os ya hab\u00edan llegado al final.<\/p>\n\t\t\t\t\t<!--\/.Timline-description-->\n\t\t\t<!--\/.Timline-Content-->\n\t\t<\/li>\n\t\t\t\t<li>\n\t\t\t\t\t\t<!--date-->\n\t\t\t\t<!--Timeline-customcontent-->\n\t\t\t\t\t<p>2009<\/p>\n\t\t\t\t<!--\/.Timeline-customcontent-->\n\t\t\t<!--\/.date-->\n\t\t\t<!--icon-->\n\t\t\t<!--\/.icon-->\n\t\t\t<!--Timline-Content-->\n\t\t\t\t\t<!--Timline-Title-->\n\t\t\t\t\t\n\t\t\t\t\t<!--\/.Timline-Title-->\n\t\t\t\t\t<!--Timline-description-->\n\t\t\t\t\t<p>\u00abHace tiempo que no me tomo una cierta distancia y, por lo tanto, no veo gran cosa\u00bb.<\/p>\n\t\t\t\t\t<!--\/.Timline-description-->\n\t\t\t<!--\/.Timline-Content-->\n\t\t<\/li>\n\t\t\t\t<li>\n\t\t\t\t\t\t<!--date-->\n\t\t\t\t<!--Timeline-customcontent-->\n\t\t\t\t\t<p>2010<\/p>\n\t\t\t\t<!--\/.Timeline-customcontent-->\n\t\t\t<!--\/.date-->\n\t\t\t<!--icon-->\n\t\t\t<!--\/.icon-->\n\t\t\t<!--Timline-Content-->\n\t\t\t\t\t<!--Timline-Title-->\n\t\t\t\t\t\n\t\t\t\t\t<!--\/.Timline-Title-->\n\t\t\t\t\t<!--Timline-description-->\n\t\t\t\t\t<p>\u00abHacerse mayor es ver m\u00e1s ac\u00e1 de las apariencias , ser joven es ver m\u00e1s all\u00e1 de la realidad. Los adultos no vemos ni ac\u00e1 ni all\u00e1\u00bb.<\/p>\n\t\t\t\t\t<!--\/.Timline-description-->\n\t\t\t<!--\/.Timline-Content-->\n\t\t<\/li>\n\t\t\t\t<li>\n\t\t\t\t\t\t<!--date-->\n\t\t\t\t<!--Timeline-customcontent-->\n\t\t\t\t\t<p>2011<\/p>\n\t\t\t\t<!--\/.Timeline-customcontent-->\n\t\t\t<!--\/.date-->\n\t\t\t<!--icon-->\n\t\t\t<!--\/.icon-->\n\t\t\t<!--Timline-Content-->\n\t\t\t\t\t<!--Timline-Title-->\n\t\t\t\t\t\n\t\t\t\t\t<!--\/.Timline-Title-->\n\t\t\t\t\t<!--Timline-description-->\n\t\t\t\t\t<p>Concierto de Llu\u00eds Claret -violoncelo- en la ermita de Pedra (La Cerdanya). Suites de J.S.Bach. Sublime.<\/p>\n\t\t\t\t\t<!--\/.Timline-description-->\n\t\t\t<!--\/.Timline-Content-->\n\t\t<\/li>\n\t\t\t\t<li>\n\t\t\t\t\t\t<!--date-->\n\t\t\t\t<!--Timeline-customcontent-->\n\t\t\t\t\t<p>2012<\/p>\n\t\t\t\t<!--\/.Timeline-customcontent-->\n\t\t\t<!--\/.date-->\n\t\t\t<!--icon-->\n\t\t\t<!--\/.icon-->\n\t\t\t<!--Timline-Content-->\n\t\t\t\t\t<!--Timline-Title-->\n\t\t\t\t\t\n\t\t\t\t\t<!--\/.Timline-Title-->\n\t\t\t\t\t<!--Timline-description-->\n\t\t\t\t\t<p>Hacemos, con Marc, el Camino de Santiago, en bicicleta. Experiencia cercana a mis grandes viajes de anta\u00f1o.<\/p>\n\t\t\t\t\t<!--\/.Timline-description-->\n\t\t\t<!--\/.Timline-Content-->\n\t\t<\/li>\n\t\t\t\t<li>\n\t\t\t\t\t\t<!--date-->\n\t\t\t\t<!--Timeline-customcontent-->\n\t\t\t\t\t<p>2013<\/p>\n\t\t\t\t<!--\/.Timeline-customcontent-->\n\t\t\t<!--\/.date-->\n\t\t\t<!--icon-->\n\t\t\t<!--\/.icon-->\n\t\t\t<!--Timline-Content-->\n\t\t\t\t\t<!--Timline-Title-->\n\t\t\t\t\t\n\t\t\t\t\t<!--\/.Timline-Title-->\n\t\t\t\t\t<!--Timline-description-->\n\t\t\t\t\t<p>\u00abTrabajo con el instinto, huelo el paisaje, bebo agua, toco la distancia, siento la energ\u00eda, miro el aire&#8230; pero entre una mano y la otra: concreto\u00bb<\/p>\n\t\t\t\t\t<!--\/.Timline-description-->\n\t\t\t<!--\/.Timline-Content-->\n\t\t<\/li>\n\t\t\t\t<li>\n\t\t\t\t\t\t<!--date-->\n\t\t\t\t<!--Timeline-customcontent-->\n\t\t\t\t\t<p>2014<\/p>\n\t\t\t\t<!--\/.Timeline-customcontent-->\n\t\t\t<!--\/.date-->\n\t\t\t<!--icon-->\n\t\t\t<!--\/.icon-->\n\t\t\t<!--Timline-Content-->\n\t\t\t\t\t<!--Timline-Title-->\n\t\t\t\t\t\n\t\t\t\t\t<!--\/.Timline-Title-->\n\t\t\t\t\t<!--Timline-description-->\n\t\t\t\t\t<p>Asisto en directo a les reflexiones del escultor D. Karavan referentes a la su obra \u00abPassatges\u00bb memorial de W. Benjamin. Portbou (Girona).\u00bbNo leo&#8230;pero ando\u00bb.<\/p>\n\t\t\t\t\t<!--\/.Timline-description-->\n\t\t\t<!--\/.Timline-Content-->\n\t\t<\/li>\n\t\t\t\t<li>\n\t\t\t\t\t\t<!--date-->\n\t\t\t\t<!--Timeline-customcontent-->\n\t\t\t\t\t<p>2015<\/p>\n\t\t\t\t<!--\/.Timeline-customcontent-->\n\t\t\t<!--\/.date-->\n\t\t\t<!--icon-->\n\t\t\t<!--\/.icon-->\n\t\t\t<!--Timline-Content-->\n\t\t\t\t\t<!--Timline-Title-->\n\t\t\t\t\t\n\t\t\t\t\t<!--\/.Timline-Title-->\n\t\t\t\t\t<!--Timline-description-->\n\t\t\t\t\t<p>\u00abLa naturaleza es, los humanos hacemos\u00bb.Leo el libro \u00abS\u00e1piens\u00bb de Y.Noah Arari. Una revelaci\u00f3n para entender las contradicciones de nuestra especie animal.<\/p>\n\t\t\t\t\t<!--\/.Timline-description-->\n\t\t\t<!--\/.Timline-Content-->\n\t\t<\/li>\n\t\t\t\t<li>\n\t\t\t\t\t\t<!--date-->\n\t\t\t\t<!--Timeline-customcontent-->\n\t\t\t\t\t<p>2016<\/p>\n\t\t\t\t<!--\/.Timeline-customcontent-->\n\t\t\t<!--\/.date-->\n\t\t\t<!--icon-->\n\t\t\t<!--\/.icon-->\n\t\t\t<!--Timline-Content-->\n\t\t\t\t\t<!--Timline-Title-->\n\t\t\t\t\t\n\t\t\t\t\t<!--\/.Timline-Title-->\n\t\t\t\t\t<!--Timline-description-->\n\t\t\t\t\t<p>\u00abLa actual obsesi\u00f3n de querer disfrutar del momento es, en parte, responsable de la precariedad de todo \u00ab.<\/p>\n\t\t\t\t\t<!--\/.Timline-description-->\n\t\t\t<!--\/.Timline-Content-->\n\t\t<\/li>\n\t\t\t\t<li>\n\t\t\t\t\t\t<!--date-->\n\t\t\t\t<!--Timeline-customcontent-->\n\t\t\t\t\t<p>2017<\/p>\n\t\t\t\t<!--\/.Timeline-customcontent-->\n\t\t\t<!--\/.date-->\n\t\t\t<!--icon-->\n\t\t\t<!--\/.icon-->\n\t\t\t<!--Timline-Content-->\n\t\t\t\t\t<!--Timline-Title-->\n\t\t\t\t\t\n\t\t\t\t\t<!--\/.Timline-Title-->\n\t\t\t\t\t<!--Timline-description-->\n\t\t\t\t\t<p>\u00abHay situaciones en la vida, que son como cuando haces desherrar tu caballo: igual puede ser para dejarlo libre&#8230; como para sacrificarlo\u00bb.<\/p>\n\t\t\t\t\t<!--\/.Timline-description-->\n\t\t\t<!--\/.Timline-Content-->\n\t\t<\/li>\n\t\t\t\t<li>\n\t\t\t\t\t\t<!--date-->\n\t\t\t\t<!--Timeline-customcontent-->\n\t\t\t\t\t<p>2018<\/p>\n\t\t\t\t<!--\/.Timeline-customcontent-->\n\t\t\t<!--\/.date-->\n\t\t\t<!--icon-->\n\t\t\t<!--\/.icon-->\n\t\t\t<!--Timline-Content-->\n\t\t\t\t\t<!--Timline-Title-->\n\t\t\t\t\t\n\t\t\t\t\t<!--\/.Timline-Title-->\n\t\t\t\t\t<!--Timline-description-->\n\t\t\t\t\t<p>Incorporo el vidrio a mi obra (lo intent\u00e9 hace 40 a\u00f1os).Estancia en el\u00a0Valle de\u00a0Aosta.<\/p>\n\t\t\t\t\t<!--\/.Timline-description-->\n\t\t\t<!--\/.Timline-Content-->\n\t\t<\/li>\n\t\t\t\t<li>\n\t\t\t\t\t\t<!--date-->\n\t\t\t\t<!--Timeline-customcontent-->\n\t\t\t\t\t<p>2019<\/p>\n\t\t\t\t<!--\/.Timeline-customcontent-->\n\t\t\t<!--\/.date-->\n\t\t\t<!--icon-->\n\t\t\t<!--\/.icon-->\n\t\t\t<!--Timline-Content-->\n\t\t\t\t\t<!--Timline-Title-->\n\t\t\t\t\t\n\t\t\t\t\t<!--\/.Timline-Title-->\n\t\t\t\t\t<!--Timline-description-->\n\t\t\t\t\t<p>En la vida, como en le arte, esta muy bien meditar y dudar, pero es imprescindible sacar conclusiones. Terminar la obra.Confinamiento?&#8230;yo no he notado ning\u00fan cambio, seguramente porqu\u00e9 desde los 16 a\u00f1os, escog\u00ed vivir confinado conmigo mismo, la naturaleza, los caballos, los materiales, la familia,&#8230;<\/p>\n\t\t\t\t\t<!--\/.Timline-description-->\n\t\t\t<!--\/.Timline-Content-->\n\t\t<\/li>\n\t\t\t\t<li>\n\t\t\t\t\t\t<!--date-->\n\t\t\t\t<!--Timeline-customcontent-->\n\t\t\t\t\t<p>2020<\/p>\n\t\t\t\t<!--\/.Timeline-customcontent-->\n\t\t\t<!--\/.date-->\n\t\t\t<!--icon-->\n\t\t\t<!--\/.icon-->\n\t\t\t<!--Timline-Content-->\n\t\t\t\t\t<!--Timline-Title-->\n\t\t\t\t\t\n\t\t\t\t\t<!--\/.Timline-Title-->\n\t\t\t\t\t<!--Timline-description-->\n\t\t\t\t\t<p>Me gustar\u00eda hacer esculturas, c\u00f3mo JJ Cale toca la guitarra y compone: con la simplicidad de haber podado todo lo innecesario.<\/p>\n\t\t\t\t\t<!--\/.Timline-description-->\n\t\t\t<!--\/.Timline-Content-->\n\t\t<\/li>\n\t\t\t<\/ul>\n\n","protected":false},"excerpt":{"rendered":"<p>autobiograf\u00eda Nac\u00ed a finales de oto\u00f1o del 1956 en Vic (Osona &#8211; Catalu\u00f1a). Desde muy peque\u00f1o, tuve una relaci\u00f3n con la naturaleza de una manera bastante global : mar (Llan\u00e7\u00e0, Cap de Creus&#8230;), interior (Plana de Vic&#8230;) y monta\u00f1a (Les Guilleries, el Cabrer\u00e8s, el Pirineu&#8230;) as\u00ed como con el campo y el ganado (Horta de [&hellip;]<\/p>\n","protected":false},"author":1,"featured_media":0,"parent":1870,"menu_order":0,"comment_status":"closed","ping_status":"closed","template":"","meta":{"site-sidebar-layout":"no-sidebar","site-content-layout":"page-builder","ast-site-content-layout":"default","site-content-style":"default","site-sidebar-style":"default","ast-global-header-display":"","ast-banner-title-visibility":"","ast-main-header-display":"","ast-hfb-above-header-display":"","ast-hfb-below-header-display":"","ast-hfb-mobile-header-display":"","site-post-title":"disabled","ast-breadcrumbs-content":"","ast-featured-img":"disabled","footer-sml-layout":"","ast-disable-related-posts":"","theme-transparent-header-meta":"default","adv-header-id-meta":"","stick-header-meta":"default","header-above-stick-meta":"","header-main-stick-meta":"","header-below-stick-meta":"","astra-migrate-meta-layouts":"default","ast-page-background-enabled":"default","ast-page-background-meta":{"desktop":{"background-color":"","background-image":"","background-repeat":"repeat","background-position":"center center","background-size":"auto","background-attachment":"scroll","background-type":"","background-media":"","overlay-type":"","overlay-color":"","overlay-opacity":"","overlay-gradient":""},"tablet":{"background-color":"","background-image":"","background-repeat":"repeat","background-position":"center center","background-size":"auto","background-attachment":"scroll","background-type":"","background-media":"","overlay-type":"","overlay-color":"","overlay-opacity":"","overlay-gradient":""},"mobile":{"background-color":"","background-image":"","background-repeat":"repeat","background-position":"center center","background-size":"auto","background-attachment":"scroll","background-type":"","background-media":"","overlay-type":"","overlay-color":"","overlay-opacity":"","overlay-gradient":""}},"ast-content-background-meta":{"desktop":{"background-color":"var(--ast-global-color-5)","background-image":"","background-repeat":"repeat","background-position":"center center","background-size":"auto","background-attachment":"scroll","background-type":"","background-media":"","overlay-type":"","overlay-color":"","overlay-opacity":"","overlay-gradient":""},"tablet":{"background-color":"var(--ast-global-color-5)","background-image":"","background-repeat":"repeat","background-position":"center center","background-size":"auto","background-attachment":"scroll","background-type":"","background-media":"","overlay-type":"","overlay-color":"","overlay-opacity":"","overlay-gradient":""},"mobile":{"background-color":"var(--ast-global-color-5)","background-image":"","background-repeat":"repeat","background-position":"center center","background-size":"auto","background-attachment":"scroll","background-type":"","background-media":"","overlay-type":"","overlay-color":"","overlay-opacity":"","overlay-gradient":""}},"footnotes":""},"class_list":["post-1311","page","type-page","status-publish","hentry"],"aioseo_notices":[],"_links":{"self":[{"href":"https:\/\/ernest-altes.net\/es\/wp-json\/wp\/v2\/pages\/1311","targetHints":{"allow":["GET"]}}],"collection":[{"href":"https:\/\/ernest-altes.net\/es\/wp-json\/wp\/v2\/pages"}],"about":[{"href":"https:\/\/ernest-altes.net\/es\/wp-json\/wp\/v2\/types\/page"}],"author":[{"embeddable":true,"href":"https:\/\/ernest-altes.net\/es\/wp-json\/wp\/v2\/users\/1"}],"replies":[{"embeddable":true,"href":"https:\/\/ernest-altes.net\/es\/wp-json\/wp\/v2\/comments?post=1311"}],"version-history":[{"count":2,"href":"https:\/\/ernest-altes.net\/es\/wp-json\/wp\/v2\/pages\/1311\/revisions"}],"predecessor-version":[{"id":3339,"href":"https:\/\/ernest-altes.net\/es\/wp-json\/wp\/v2\/pages\/1311\/revisions\/3339"}],"up":[{"embeddable":true,"href":"https:\/\/ernest-altes.net\/es\/wp-json\/wp\/v2\/pages\/1870"}],"wp:attachment":[{"href":"https:\/\/ernest-altes.net\/es\/wp-json\/wp\/v2\/media?parent=1311"}],"curies":[{"name":"wp","href":"https:\/\/api.w.org\/{rel}","templated":true}]}}