{"id":2476,"date":"2022-11-27T12:27:56","date_gmt":"2022-11-27T11:27:56","guid":{"rendered":"https:\/\/ernest-altes.net\/escultures\/devocion\/"},"modified":"2025-10-28T11:06:45","modified_gmt":"2025-10-28T10:06:45","slug":"devocion","status":"publish","type":"astra-portfolio","link":"https:\/\/ernest-altes.net\/es\/esculturas\/devocion\/","title":{"rendered":"Devoci\u00f3n"},"content":{"rendered":"\n\n\t<h1>\n\t\t\t\tDevoci\u00f3n\n\t\t\t<\/h1>\n\t<p><strong>3 x 1&#8217;2 x 1&#8217;2 m<\/strong><\/p>\n<p>Granito y hierro forjado.<\/p>\n\t<iframe loading=\"lazy\" src=\"https:\/\/umap.openstreetmap.fr\/fr\/map\/ernest-altes_455775#18\/42.50849\/-0.35661?scaleControl=false&amp;miniMap=false&amp;scrollWheelZoom=false&amp;zoomControl=true&amp;allowEdit=false&amp;moreControl=false&amp;searchControl=false&amp;tilelayersControl=false&amp;embedControl=false&amp;datalayersControl=expanded&amp;onLoadPanel=none&amp;captionBar=false&amp;fullscreenControl=true&amp;locateControl=false&amp;measureControl=false&amp;editinosmControl=false\" width=\"100%\" height=\"600px\" frameborder=\"0\" allowfullscreen=\"allowfullscreen\"><\/iframe>\n\t<p><a>mapa general<\/a> #\u00a0<a>lista d&#8217;obras p\u00fablicas<\/a><\/p>\n\t\t<h5>ID de Off &#8211; Canvas<\/h5>\n\t\tHaz clic aqu\u00ed para editar la configuraci\u00f3n de &quot;Off &#8211; Canvas&quot;. Este texto no ser\u00e1 visible en el frontend.\t\n\t\t\t\t\t\t\t\t\t<ul id=\"menu-portfolio-es\"><li id=\"menu-item-2911\"><a href=\"https:\/\/ernest-altes.net\/es\/esculturas\/volar\/\">2025 &#8211; \u00abVolar\u00bb<\/a><\/li>\n<li id=\"menu-item-2859\"><a href=\"https:\/\/ernest-altes.net\/es\/esculturas\/arbre-tribut\/\">2024 &#8211; \u00abArbre\u00bb \u2022 Tribut<\/a><\/li>\n<li id=\"menu-item-2609\"><a href=\"https:\/\/ernest-altes.net\/es\/esculturas\/avenir\/\">2023 &#8211; Avenir<\/a><\/li>\n<li id=\"menu-item-2610\"><a href=\"https:\/\/ernest-altes.net\/es\/esculturas\/adn-volcanic\/\">2023 &#8211; ADN Volcanic<\/a><\/li>\n<li id=\"menu-item-2477\"><a href=\"https:\/\/ernest-altes.net\/es\/esculturas\/devocion\/\">2022 &#8211; Devoci\u00f3n<\/a><\/li>\n<li id=\"menu-item-2364\"><a href=\"https:\/\/ernest-altes.net\/es\/esculturas\/mhpresident-lluis-companys-memorial\/\">2021 &#8211; MHPresident  Llu\u00eds Companys &#8211; Memorial<\/a><\/li>\n<li id=\"menu-item-2244\"><a href=\"https:\/\/ernest-altes.net\/es\/esculturas\/el-pes-de-la-llum\/\">2020 &#8211; El pes de la llum<\/a><\/li>\n<li id=\"menu-item-2213\"><a href=\"https:\/\/ernest-altes.net\/es\/esculturas\/tossal-memorial-escola\/\">2019 &#8211; Tossal (Memorial Escola)<\/a><\/li>\n<li id=\"menu-item-2214\"><a href=\"https:\/\/ernest-altes.net\/es\/esculturas\/4-recs\/\">2019 &#8211; 4 Recs<\/a><\/li>\n<li id=\"menu-item-2215\"><a href=\"https:\/\/ernest-altes.net\/es\/esculturas\/aquae\/\">2018 &#8211; Aquae<\/a><\/li>\n<li id=\"menu-item-2216\"><a href=\"https:\/\/ernest-altes.net\/es\/esculturas\/creu-de-sant-andreu\/\">2018 &#8211; Creu de Sant Andreu<\/a><\/li>\n<li id=\"menu-item-2217\"><a href=\"https:\/\/ernest-altes.net\/es\/esculturas\/fia-faia\/\">2017 &#8211; Fia-faia<\/a><\/li>\n<li id=\"menu-item-2218\"><a href=\"https:\/\/ernest-altes.net\/es\/esculturas\/natura-humana\/\">2015 &#8211; Natura humana<\/a><\/li>\n<li id=\"menu-item-2219\"><a href=\"https:\/\/ernest-altes.net\/es\/esculturas\/abime-fictif\/\">2014 &#8211; Ab\u00eeme fictif<\/a><\/li>\n<li id=\"menu-item-2220\"><a href=\"https:\/\/ernest-altes.net\/es\/esculturas\/arado\/\">2012 &#8211; Arado<\/a><\/li>\n<li id=\"menu-item-2221\"><a href=\"https:\/\/ernest-altes.net\/es\/esculturas\/cronica-pere-iii-el-c\/\">2010 &#8211; Cr\u00f2nica (Pere III el C.)<\/a><\/li>\n<li id=\"menu-item-2222\"><a href=\"https:\/\/ernest-altes.net\/es\/esculturas\/espitllera\/\">2008 &#8211; Espitllera<\/a><\/li>\n<li id=\"menu-item-2223\"><a href=\"https:\/\/ernest-altes.net\/es\/esculturas\/tots-els-arbres-del-mon\/\">2008 &#8211; Tots els arbres del m\u00f3n<\/a><\/li>\n<li id=\"menu-item-2224\"><a href=\"https:\/\/ernest-altes.net\/es\/esculturas\/claustre-concret\/\">2006 &#8211; Claustre concret<\/a><\/li>\n<li id=\"menu-item-2225\"><a href=\"https:\/\/ernest-altes.net\/es\/esculturas\/mirador-de-llevant\/\">2005 &#8211; Mirador de llevant<\/a><\/li>\n<li id=\"menu-item-2226\"><a href=\"https:\/\/ernest-altes.net\/es\/esculturas\/diaspora\/\">2004 &#8211; Di\u00e0spora<\/a><\/li>\n<li id=\"menu-item-2227\"><a href=\"https:\/\/ernest-altes.net\/es\/esculturas\/genesis-iii\/\">2002 &#8211; G\u00e8nesis III<\/a><\/li>\n<li id=\"menu-item-2228\"><a href=\"https:\/\/ernest-altes.net\/es\/esculturas\/tribut\/\">2001 &#8211; Tribut<\/a><\/li>\n<li id=\"menu-item-2229\"><a href=\"https:\/\/ernest-altes.net\/es\/esculturas\/anella-de-ingla\/\">2000 &#8211; L&#8217;Anella de l&#8217;Ingla<\/a><\/li>\n<li id=\"menu-item-2230\"><a href=\"https:\/\/ernest-altes.net\/es\/esculturas\/porta-de-la-seu\/\">1999 &#8211; Porta (de la Seu)<\/a><\/li>\n<li id=\"menu-item-2231\"><a href=\"https:\/\/ernest-altes.net\/es\/esculturas\/creu-de-la-guixa\/\">1999 &#8211; Creu de la Guixa<\/a><\/li>\n<li id=\"menu-item-2232\"><a href=\"https:\/\/ernest-altes.net\/es\/esculturas\/tenacitat\/\">1998 &#8211; Tenacitat<\/a><\/li>\n<li id=\"menu-item-2233\"><a href=\"https:\/\/ernest-altes.net\/es\/esculturas\/triomf\/\">1998 &#8211; Triomf<\/a><\/li>\n<li id=\"menu-item-2234\"><a href=\"https:\/\/ernest-altes.net\/es\/esculturas\/7-creus\/\">1994 &#8211; 7 Creus<\/a><\/li>\n<li id=\"menu-item-2235\"><a href=\"https:\/\/ernest-altes.net\/es\/esculturas\/llibre\/\">1994 &#8211; Llibre<\/a><\/li>\n<li id=\"menu-item-2236\"><a href=\"https:\/\/ernest-altes.net\/es\/esculturas\/andorra\/\">1993 &#8211; Andorra<\/a><\/li>\n<li id=\"menu-item-2237\"><a href=\"https:\/\/ernest-altes.net\/es\/esculturas\/3-creus\/\">1991 &#8211; 3 Creus<\/a><\/li>\n<li id=\"menu-item-2238\"><a href=\"https:\/\/ernest-altes.net\/es\/esculturas\/30-10-90-in-deutschland\/\">1990 &#8211; 30.10.90 in Deutschland<\/a><\/li>\n<li id=\"menu-item-2239\"><a href=\"https:\/\/ernest-altes.net\/es\/esculturas\/amusic\/\">1987 &#8211; Am\u00fasic<\/a><\/li>\n<li id=\"menu-item-2240\"><a href=\"https:\/\/ernest-altes.net\/es\/esculturas\/catalunya\/\">1986 &#8211; Catalunya<\/a><\/li>\n<\/ul>\t\t\t\t\t\t\n\t\t\n","protected":false},"featured_media":0,"template":"","meta":{"site-sidebar-layout":"no-sidebar","site-content-layout":"page-builder","ast-site-content-layout":"default","site-content-style":"default","site-sidebar-style":"default","ast-global-header-display":"","ast-banner-title-visibility":"","ast-main-header-display":"","ast-hfb-above-header-display":"","ast-hfb-below-header-display":"","ast-hfb-mobile-header-display":"","site-post-title":"disabled","ast-breadcrumbs-content":"","ast-featured-img":"disabled","footer-sml-layout":"","ast-disable-related-posts":"","theme-transparent-header-meta":"disabled","adv-header-id-meta":"","stick-header-meta":"default","header-above-stick-meta":"","header-main-stick-meta":"","header-below-stick-meta":"","astra-migrate-meta-layouts":"default","ast-page-background-enabled":"default","ast-page-background-meta":{"desktop":{"background-color":"","background-image":"","background-repeat":"repeat","background-position":"center center","background-size":"auto","background-attachment":"scroll","background-type":"","background-media":"","overlay-type":"","overlay-color":"","overlay-opacity":"","overlay-gradient":""},"tablet":{"background-color":"","background-image":"","background-repeat":"repeat","background-position":"center center","background-size":"auto","background-attachment":"scroll","background-type":"","background-media":"","overlay-type":"","overlay-color":"","overlay-opacity":"","overlay-gradient":""},"mobile":{"background-color":"","background-image":"","background-repeat":"repeat","background-position":"center center","background-size":"auto","background-attachment":"scroll","background-type":"","background-media":"","overlay-type":"","overlay-color":"","overlay-opacity":"","overlay-gradient":""}},"ast-content-background-meta":{"desktop":{"background-color":"var(--ast-global-color-5)","background-image":"","background-repeat":"repeat","background-position":"center center","background-size":"auto","background-attachment":"scroll","background-type":"","background-media":"","overlay-type":"","overlay-color":"","overlay-opacity":"","overlay-gradient":""},"tablet":{"background-color":"var(--ast-global-color-5)","background-image":"","background-repeat":"repeat","background-position":"center center","background-size":"auto","background-attachment":"scroll","background-type":"","background-media":"","overlay-type":"","overlay-color":"","overlay-opacity":"","overlay-gradient":""},"mobile":{"background-color":"var(--ast-global-color-5)","background-image":"","background-repeat":"repeat","background-position":"center center","background-size":"auto","background-attachment":"scroll","background-type":"","background-media":"","overlay-type":"","overlay-color":"","overlay-opacity":"","overlay-gradient":""}}},"astra-portfolio-categories":[28],"astra-portfolio-other-categories":[],"astra-portfolio-tags":[],"class_list":["post-2476","astra-portfolio","type-astra-portfolio","status-publish","hentry","astra-portfolio-categories-esculturas-publicas"],"aioseo_notices":[],"astra-site-call-to-action":"","astra-site-open-in-new-tab":0,"astra-site-open-portfolio-in":"same-tab","astra-site-url":"","thumbnail-image-url":"https:\/\/ernest-altes.net\/wp-content\/uploads\/2022\/11\/devocion-portfolio.jpg","thumbnail-image-meta":{"alt":"","title":"devocion-portfolio"},"lightbox-image-url":null,"portfolio-type":"page","portfolio-video-url":"","request_time":0.024739980697631836,"_links":{"self":[{"href":"https:\/\/ernest-altes.net\/es\/wp-json\/wp\/v2\/astra-portfolio\/2476","targetHints":{"allow":["GET"]}}],"collection":[{"href":"https:\/\/ernest-altes.net\/es\/wp-json\/wp\/v2\/astra-portfolio"}],"about":[{"href":"https:\/\/ernest-altes.net\/es\/wp-json\/wp\/v2\/types\/astra-portfolio"}],"wp:attachment":[{"href":"https:\/\/ernest-altes.net\/es\/wp-json\/wp\/v2\/media?parent=2476"}],"wp:term":[{"taxonomy":"astra-portfolio-categories","embeddable":true,"href":"https:\/\/ernest-altes.net\/es\/wp-json\/wp\/v2\/astra-portfolio-categories?post=2476"},{"taxonomy":"astra-portfolio-other-categories","embeddable":true,"href":"https:\/\/ernest-altes.net\/es\/wp-json\/wp\/v2\/astra-portfolio-other-categories?post=2476"},{"taxonomy":"astra-portfolio-tags","embeddable":true,"href":"https:\/\/ernest-altes.net\/es\/wp-json\/wp\/v2\/astra-portfolio-tags?post=2476"}],"curies":[{"name":"wp","href":"https:\/\/api.w.org\/{rel}","templated":true}]}}