{"id":1348,"date":"2020-04-29T11:10:02","date_gmt":"2020-04-29T09:10:02","guid":{"rendered":"https:\/\/ernest-altes.net\/expositions\/"},"modified":"2025-11-08T18:26:14","modified_gmt":"2025-11-08T17:26:14","slug":"exhibitions","status":"publish","type":"page","link":"https:\/\/ernest-altes.net\/en\/notes\/exhibitions\/","title":{"rendered":"Exhibitions"},"content":{"rendered":"\n\n\t<h1>\n\t\t\t\tEXHIBITIONS\n\t\t\t<\/h1>\n\t<h2>\n\t\t\t\tSolo\n\t\t\t<\/h2>\n\t<ul>\n<li>1977\n<ul>\n<li><strong>Gallery La Tralla\u00a0<\/strong>&#8211; Vic (Barcelona &#8211; ES).<\/li>\n<\/ul>\n<\/li>\n\n<li>1979\n<ul>\n<li><strong>Gallery d&#8217;Ara<\/strong>\u00a0&#8211; Igualada (Barcelona &#8211; ES).<\/li>\n\n<li><strong>Temple rom\u00e0<\/strong> &#8211; Vic (Barcelona &#8211; ES).<\/li>\n\n<li><strong>Gallery Pecanins<\/strong>\u00a0&#8211; Mexico D.F (MX).<\/li>\n<\/ul>\n<\/li>\n\n<li>1981\n<ul>\n<li><strong>Gallery Tom Maddock<\/strong> &#8211; (Barcelona &#8211; ES).<\/li>\n<\/ul>\n<\/li>\n\n<li>1985\n<ul>\n<li><strong>Gallery Thomas Carstens<\/strong> &#8211; (Barcelona &#8211; ES).<\/li>\n<\/ul>\n<\/li>\n\n<li>1987\n<ul>\n<li><strong>Gallery Tom Maddock<\/strong> &#8211; (Barcelona &#8211; ES).<\/li>\n<\/ul>\n<\/li>\n\n<li>1989\n<ul>\n<li><strong>Gallery Tom Maddock<\/strong> &#8211; (Barcelona &#8211; ES).<\/li>\n<\/ul>\n<\/li>\n\n<li>1990\n<ul>\n<li><strong>Gallery Pergamon<\/strong> &#8211; (Barcelona &#8211; ES).<\/li>\n\n<li><strong>Gallery Adriana Schmidt<\/strong> &#8211; Stuttgart (DE).<\/li>\n<\/ul>\n<\/li>\n\n<li>1991\n<ul>\n<li><strong>Gallery Alta\u00efr<\/strong> &#8211; Palma de Mallorca (Balears &#8211; ES).<\/li>\n\n<li><strong>Gallery Adriana Schmidt<\/strong> &#8211; Stuttgart (DE).<\/li>\n<\/ul>\n<\/li>\n\n<li>1992\n<ul>\n<li><strong>Mus\u00e9e Barjola<\/strong> &#8211; Gij\u00f3n (Asturias &#8211; ES).<\/li>\n<\/ul>\n<\/li>\n\n<li>1993\n<ul>\n<li><strong>Temple Rom\u00e0<\/strong> &#8211; Vic (Barcelona &#8211; ES).<\/li>\n<\/ul>\n<\/li>\n\n<li>1994\n<ul>\n<li><strong>Gallery Scheffel<\/strong> &#8211; Bad Homburg (DE).<\/li>\n<\/ul>\n<\/li>\n\n<li>1995\n<ul>\n<li><strong>Acad\u00e8mia de Belles Arts<\/strong> &#8211; Sabadell (Barcelona &#8211; ES).<\/li>\n\n<li><strong>Gallery Gabriele Von Loeper<\/strong> &#8211; Hamburg (DE).<\/li>\n\n<li><strong>Can Felipa Centre Civic<\/strong> &#8211; Ajuntament de Barcelona (Barcelona &#8211; ES).<\/li>\n<\/ul>\n<\/li>\n\n<li>1996\n<ul>\n<li><strong>Amast\u00e9 Espacio de arte<\/strong> &#8211; Bilbao (Euskadi &#8211; ES).<\/li>\n<\/ul>\n<\/li>\n\n<li>1998\n<ul>\n<li><strong>Centre Jujol &amp; Can negre <\/strong>&#8211; St. Joan d&#8217;Esp\u00ed (Barcelona &#8211; ES).<\/li>\n<\/ul>\n<\/li>\n\n<li>1999\n<ul>\n<li><strong>Gallery Pretexto<\/strong> &#8211; (Barcelona &#8211; ES).<\/li>\n<\/ul>\n<\/li>\n\n<li>2018\n<ul>\n<li><strong>\u00c9glise de Saint Laurent<\/strong> &#8211; Aosta (IT).<\/li>\n\n<li><strong>Centre Cultural de Terrassa<\/strong> (Barcelona &#8211; ES).<\/li>\n<\/ul>\n<\/li>\n\n<li>2019\n<ul>\n<li><strong>Museu Espai Ceretania<\/strong> &#8211; Bolvir de Cerdanya (Girona &#8211; ES).<\/li>\n\n<li><strong>Sala la Bruna<\/strong> &#8211; Sala Municipal,Ordino (AD).<\/li>\n\n<li><strong>Gallery Mamma Maria<\/strong> &#8211; Andorra la Vella (AD).<\/li>\n<\/ul>\n<\/li>\n<\/ul>\n\t<h2>\n\t\t\t\tCollective\n\t\t\t<\/h2>\n\t<ul>\n<li>1980\n<ul>\n<li><strong>M\u00f2bils &#8211; Entorn i Escultures<\/strong> &#8211; La Tralla &#8211; Vic (Barcelona &#8211; ES).<\/li>\n<\/ul>\n<\/li>\n\n<li>1981\n<ul>\n<li><strong>Mostra d&#8217;Escultura Contempor\u00e0nea<\/strong> &#8211; Claustre de La Seu d&#8217;Urgell (Lleida &#8211; ES).<\/li>\n<\/ul>\n<\/li>\n\n<li>1982\n<ul>\n<li><strong>Sal\u00f3 de Tardor &#8211;<\/strong> Sal\u00f3 del Tinell (Barcelona &#8211; ES).<\/li>\n<\/ul>\n<\/li>\n\n<li>1983\n<ul>\n<li><strong>Sal\u00f3 de Tardor &#8211;<\/strong> Sal\u00f3 del Tinell (Barcelona &#8211; ES).<\/li>\n<\/ul>\n<\/li>\n\n<li>1984\n<ul>\n<li><strong>Salon de la sculpture de rue <\/strong>&#8211; T\u00e0rrega (Lleida &#8211; ES).<\/li>\n\n<li><strong>Els Pa\u00efsos Catalans a l&#8217;estac\u00f3 de Sants<\/strong> (Barcelona &#8211; ES).<\/li>\n\n<li><strong>Arte en Chamart\u00edn<\/strong> (Madrid &#8211; ES)<\/li>\n<\/ul>\n<\/li>\n\n<li>1985\n<ul>\n<li>\u00a0<strong>Nova Escultura Catalana <\/strong>&#8211; Caixa de Barcelona (Itinerant &#8211; ES).<\/li>\n\n<li><strong>4&#215;4 Galeria Serie Disseny <\/strong>&#8211; (Barcelona &#8211; ES).<\/li>\n<\/ul>\n<\/li>\n\n<li>1986\n<ul>\n<li><strong>Fira de l&#8217;escultura al carrer<\/strong> &#8211; T\u00e0rrega (Lleida &#8211; ES).<\/li>\n\n<li><strong>Biennal d&#8217;escultura Fundaci\u00f3n Araguaney <\/strong>&#8211; Santiago de Compostela (A Coru\u00f1a &#8211; ES).<\/li>\n<\/ul>\n<\/li>\n\n<li>1987\n<ul>\n<li><strong>Cinc escultors<\/strong> &#8211; Galeria Thomas Carstens &#8211; (Barcelona &#8211; ES).<\/li>\n\n<li><strong>Espai- ES)cultura art jove <\/strong>&#8211; Vic (Barcelona &#8211; ES).<\/li>\n\n<li><strong>Cinc escultors<\/strong> &#8211; Galeria Thomas Carstens . Barcelona (ES).<\/li>\n<\/ul>\n<\/li>\n\n<li>1988\n<ul>\n<li><strong>Ribots Apart<\/strong> &#8211; Fundaci\u00f3 Caixa de Catalunya (Itinerant &#8211; ES).<\/li>\n<\/ul>\n<\/li>\n\n<li>1989\n<ul>\n<li><strong>Katalanische Kunst<\/strong> &#8211; Galeria Adriana Schmidt &#8211; Stuttgart (DE).<\/li>\n\n<li><strong>Terres<\/strong> &#8211; Canals Galeria d&#8217;art &#8211; St. Cugat del Vall\u00e9s (Barcelona &#8211; ES).<\/li>\n\n<li>\u00a0<strong>Sal\u00b7l\u00f2quia 89<\/strong> &#8211; Escarnalbou (Tarragona &#8211; ES).<\/li>\n\n<li><strong>Papers originals<\/strong> &#8211; Galeria Pergamon (Barcelona &#8211; ES).<\/li>\n\n<li><strong>Katalanische kunst<\/strong> &#8211; Galeria Adriana Schmidt &#8211; Stuttgart (DE).<\/li>\n<\/ul>\n<\/li>\n\n<li>1990\n<ul>\n<li><strong>Quatre Artistes Catalans<\/strong> &#8211; Galeria Albatros (Madrid &#8211; ES).<\/li>\n\n<li><strong>Punt Zero<\/strong> &#8211; Temple Rom\u00e0 &#8211;\u00a0 Vic, Matar\u00f3 (ES).<\/li>\n\n<li><strong>Papers originals<\/strong> &#8211; Galeria P\u00e8rgamon &#8211; Barcelona (ES).<\/li>\n\n<li><strong>Biennal de Pintura \u00c1vila del Rey<\/strong> &#8211;\u00a0\u00c1vila (ES).<\/li>\n\n<li><strong>Papers originals<\/strong>&#8211; Galeria P\u00e8rgamon &#8211; Barcelona (ES).<\/li>\n\n<li><strong>Biennal de Pintura \u00c1vila del Rey<\/strong> &#8211; \u00c1vila (ES).<\/li>\n<\/ul>\n<\/li>\n\n<li>1991\n<ul>\n<li><strong>Dos Alemanys y un Catal\u00e0<\/strong> &#8211; G.Scheffel, Bad Homburg (DE).<\/li>\n\n<li><strong>Kabinett<\/strong> &#8211; Galeria Scheffel &#8211; Bad Homburg (DE).<\/li>\n\n<li><strong>38&#215;50=50&#215;38<\/strong> &#8211; Galeria P\u00e8rgamon &#8211; Barcelona (ES).<\/li>\n<\/ul>\n<\/li>\n\n<li>1992\n<ul>\n<li><strong>3&#215;3<\/strong> &#8211; Art Contemporain a Osona &#8211; E. d&#8217;Arts i Oficis (Vic &#8211; ES).<\/li>\n\n<li>\u00a0<strong>Antic hospital de la Santa Creu <\/strong>(Barcelona &#8211; ES).<\/li>\n\n<li><strong>Comit\u00e9 ol\u00edmpic de Catalunya<\/strong> &#8211; Palau de la M\u00fasica &#8211; Barcelona (ES).<\/li>\n\n<li><strong>ART SPAIN<\/strong> &#8211; Galeria Adriana Schmidt &#8211; Stuttgart (DE).<\/li>\n\n<li><strong>Eurofete, Euro Kunst<\/strong> &#8211; Landtag Baden-Wurttenberg &#8211; Stuttgart (DE).<\/li>\n\n<li><strong>Papers al cub<\/strong> &#8211; Galeria P\u00e8rgamon &#8211; Barcelona (ES).<\/li>\n<\/ul>\n<\/li>\n\n<li>1993\n<ul>\n<li>\u00a0<strong>El Silenci<\/strong> [gravats] &#8211; Casal Pere IV Sabadell (Barcelona &#8211; ES).<\/li>\n\n<li><strong>32&#215;45=45&#215;32 &#8211; <\/strong>Galeria Pergamon (Barcelona &#8211; ES).<\/li>\n\n<li><strong>Escultura a l&#8217;aire lliure<\/strong> &#8211; Tom Maddock Gallery &#8211; Vilanova del Vall\u00e8s (Barcelona-ES).<\/li>\n<\/ul>\n<\/li>\n\n<li>1994\n<ul>\n<li><strong>32&#215;45=45&#215;32<\/strong> &#8211; Galeria Pergamon (Barcelona &#8211; ES).<\/li>\n\n<li><strong>Skulpturen<\/strong> &#8211; Galeria Scheffel &#8211; Bad Homburg (DE).<\/li>\n\n<li><strong>Una invitaci\u00f3n al coleccionismo<\/strong> &#8211; Sala provincia &#8211; Diputaci\u00f3n de Le\u00f3n (Le\u00f3n &#8211; ES).<\/li>\n\n<li><strong>Premio Nacional de Grabado <\/strong>&#8211; (Madrid, Bilbao, Sevilla, Barcelona &#8211; ES).<\/li>\n\n<li><strong>Kunst Messe<\/strong> &#8211; Galerie Scheffel &#8211; Bad Homburg (DE).<\/li>\n\n<li><strong>III Biennal de Grabado de Ourense<\/strong> &#8211; Ourense (Galicia &#8211; ES).<\/li>\n\n<li><strong>Premio Nacional de Grabado<\/strong> &#8211; Calcografia Nacional &#8211; Madrid(ES).<\/li>\n\n\n<\/ul>\n<\/li>\n\n<li>1995\n<ul>\n<li><strong>II Bienal Int. de gravat d&#8217;Orense <\/strong>(Sao Paulo, Caracas, Madrid &#8211; BR, VEN, ES).<\/li>\n\n<li><strong>Grosse Kunst Ausstellung<\/strong> &#8211; D\u00fcsseldorf (DE).<\/li>\n\n<li><strong>IV Biennal de Grabado de Ourense<\/strong> &#8211; Ourense (Galicia &#8211; ES).<\/li>\n<\/ul>\n<\/li>\n\n<li>1996\n<ul>\n<li><strong>Grosse Kunst Ausstellung<\/strong> &#8211; Dusseldorf (DE).<\/li>\n\n<li><strong>Set Escultors<\/strong> &#8211; Galeria Scheffel &#8211; Bad Homburg (DE).<\/li>\n\n<li><strong>Terra i arbres<\/strong> &#8211; Andorra, Barcelona st Feliu de Gu\u00edxols (AD) (ES).<\/li>\n\n<li><strong>V Biennal de Grabado de Ourense<\/strong> &#8211; Ourense (Galicia &#8211; ES).<\/li>\n<\/ul>\n<\/li>\n\n<li>1997\n<ul>\n<li><strong>IV Bienal Int. de gravat d&#8217;Orense <\/strong>(Buenos Aires, Rio de Janeiro &#8211; AR &#8211; BR).<\/li>\n\n<li><strong>Brossart<\/strong> &#8211; la Xarranca &#8211; Andorra la Vella (AD).<\/li>\n<\/ul>\n<\/li>\n\n<li>1998\n<ul>\n<li><strong>Homentage a Federico Garc\u00eda Lorca<\/strong> &#8211; Museo Postal (Madrid &#8211; ES).<\/li>\n\n<li><strong>Deu anys<\/strong> &#8211; Galeria P\u00e8rgamon &#8211; Barcelona(ES).<\/li>\n<\/ul>\n<\/li>\n\n<li>1999\n<ul>\n<li><strong>Dinsjardins<\/strong> &#8211; Escultura Contempor\u00e0nia &#8211; Parc de la Ciutadella (Barcelona &#8211; ES).<\/li>\n\n<li><strong>Premi Penagos de dibuix<\/strong> (Madrid &#8211; ES).<\/li>\n\n<li><strong>Vom sk\u00e4rab\u00e4us zum new beetle<\/strong> &#8211; Kunstgeb\u00e4ude Schul &#8211; Bodenburg (DE).<\/li>\n<\/ul>\n<\/li>\n\n<li>2000\n<ul>\n<li><strong>Estampas<\/strong> &#8211; Premis 1990-2000 &#8211; Calcograf\u00eda Nacional (Madrid &#8211; ES).<\/li>\n\n<li><strong>Estampas 2000<\/strong> &#8211; (Venezuela, Peru, Colombia, Chile).<\/li>\n\n<li><strong>Syposium Granit Internacional<\/strong> &#8211; Louvign\u00e9 du D\u00e9sert &#8211; Bretanya (FR).<\/li>\n<\/ul>\n<\/li>\n\n<li>2003\n<ul>\n<li><strong>Homenatge a l&#8217;aigua<\/strong> &#8211; Pirinaigua &#8211; La Seu d&#8217;Urgell (Lleida- ES).<\/li>\n<\/ul>\n<\/li>\n\n<li>2005\n<ul>\n<li><strong>MMAC<\/strong> &#8211; Mollerussa &#8211; (Lleida-ES).<\/li>\n\n<li><strong>Homenatge a l&#8217;Aigua<\/strong> &#8211; Pirinaigua &#8211; Salt (Girona-ES).<\/li>\n<\/ul>\n<\/li>\n\n<li>2008\n<ul>\n<li><strong>25 Anys<\/strong> &#8211; Galeria Alta\u00efr &#8211; Palma de Mallorca (Mallorca &#8211; ES).<\/li>\n<\/ul>\n<\/li>\n<\/ul>\n\n<ul>\n<li>2009\n<ul>\n<li>\n<p><strong>Processos ocults <\/strong>(avec les sculpteurs : A. Camino, P. Cod\u00f3, N. Colet, Gabriel, R. Mesa, E. Pladevall i M. Planas) &#8211; Museu-Monestir de Sant Cugat (Barcelona &#8211; ES).<\/p>\n<\/li>\n<\/ul>\n<\/li>\n\n<li>2014\n<ul>\n<li><strong>Exilis<\/strong> Llibres d&#8217;artista &#8211; Galeria Populart &#8211; Capmany (Girona &#8211; Itinerant &#8211; ES).<\/li>\n\n<li><strong>Artveuivot<\/strong> &#8211; Museu d&#8217;Hist\u00f2ria de Catalunya (Itinerant &#8211; ES).<\/li>\n\n<li><strong>Imatges Vives<\/strong> &#8211; Xarxa Vives d&#8217;Universitats. &#8211; Fons d&#8217;Art MUA &#8211; Museu d&#8217;Alacant (Alicante &#8211; ES).<\/li>\n<\/ul>\n<\/li>\n\n<li>2016\n<ul>\n<li><strong>\u00d2xid de boira<\/strong> &#8211; Galeria El Carme &#8211; Vic (Barcelona-ES).<\/li>\n<\/ul>\n<\/li>\n<\/ul>\n\n<ul>\n<li>2019\n<ul>\n<li><strong>2 Camins &amp; 1 Sculpture<\/strong> &#8211; photographie et installation sonore avec J. Ganyet i A. Obiols &#8211; Sala Sant Dom\u00e8nec &#8211; La Seu d&#8217;Urgell\u00a0 (Lleida &#8211; ES).<\/li>\n<\/ul>\n<\/li>\n<\/ul>\n\n<ul>\n<li>2021\n<ul>\n<li><strong> Anamn\u00e8se <\/strong> &#8211; Maison du Patrimoine du Donezan &#8211; Mijan\u00e8s (FR).<\/li>\n<\/ul>\n<\/li>\n<\/ul>\n\n<ul>\n<li>2023\n<ul>\n<li><strong><b>4 Escultors. Mercantic<\/b> <\/strong>&#8211; Sant Cugat del Vall\u00e8s &#8211; Barcelona (ES).<\/li>\n<\/ul>\n<\/li>\n<\/ul>\n\n","protected":false},"excerpt":{"rendered":"<p>EXHIBITIONS Solo 1977 Gallery La Tralla\u00a0&#8211; Vic (Barcelona &#8211; ES). 1979 Gallery d&#8217;Ara\u00a0&#8211; Igualada (Barcelona &#8211; ES). Temple rom\u00e0 &#8211; Vic (Barcelona &#8211; ES). Gallery Pecanins\u00a0&#8211; Mexico D.F (MX). 1981 Gallery Tom Maddock &#8211; (Barcelona &#8211; ES). 1985 Gallery Thomas Carstens &#8211; (Barcelona &#8211; ES). 1987 Gallery Tom Maddock &#8211; (Barcelona &#8211; ES). 1989 Gallery [&hellip;]<\/p>\n","protected":false},"author":1,"featured_media":0,"parent":1847,"menu_order":0,"comment_status":"closed","ping_status":"closed","template":"","meta":{"site-sidebar-layout":"no-sidebar","site-content-layout":"page-builder","ast-site-content-layout":"default","site-content-style":"default","site-sidebar-style":"default","ast-global-header-display":"","ast-banner-title-visibility":"","ast-main-header-display":"","ast-hfb-above-header-display":"","ast-hfb-below-header-display":"","ast-hfb-mobile-header-display":"","site-post-title":"disabled","ast-breadcrumbs-content":"","ast-featured-img":"disabled","footer-sml-layout":"","ast-disable-related-posts":"","theme-transparent-header-meta":"default","adv-header-id-meta":"","stick-header-meta":"default","header-above-stick-meta":"","header-main-stick-meta":"","header-below-stick-meta":"","astra-migrate-meta-layouts":"default","ast-page-background-enabled":"default","ast-page-background-meta":{"desktop":{"background-color":"","background-image":"","background-repeat":"repeat","background-position":"center center","background-size":"auto","background-attachment":"scroll","background-type":"","background-media":"","overlay-type":"","overlay-color":"","overlay-opacity":"","overlay-gradient":""},"tablet":{"background-color":"","background-image":"","background-repeat":"repeat","background-position":"center center","background-size":"auto","background-attachment":"scroll","background-type":"","background-media":"","overlay-type":"","overlay-color":"","overlay-opacity":"","overlay-gradient":""},"mobile":{"background-color":"","background-image":"","background-repeat":"repeat","background-position":"center center","background-size":"auto","background-attachment":"scroll","background-type":"","background-media":"","overlay-type":"","overlay-color":"","overlay-opacity":"","overlay-gradient":""}},"ast-content-background-meta":{"desktop":{"background-color":"var(--ast-global-color-5)","background-image":"","background-repeat":"repeat","background-position":"center center","background-size":"auto","background-attachment":"scroll","background-type":"","background-media":"","overlay-type":"","overlay-color":"","overlay-opacity":"","overlay-gradient":""},"tablet":{"background-color":"var(--ast-global-color-5)","background-image":"","background-repeat":"repeat","background-position":"center center","background-size":"auto","background-attachment":"scroll","background-type":"","background-media":"","overlay-type":"","overlay-color":"","overlay-opacity":"","overlay-gradient":""},"mobile":{"background-color":"var(--ast-global-color-5)","background-image":"","background-repeat":"repeat","background-position":"center center","background-size":"auto","background-attachment":"scroll","background-type":"","background-media":"","overlay-type":"","overlay-color":"","overlay-opacity":"","overlay-gradient":""}},"footnotes":""},"class_list":["post-1348","page","type-page","status-publish","hentry"],"aioseo_notices":[],"_links":{"self":[{"href":"https:\/\/ernest-altes.net\/en\/wp-json\/wp\/v2\/pages\/1348","targetHints":{"allow":["GET"]}}],"collection":[{"href":"https:\/\/ernest-altes.net\/en\/wp-json\/wp\/v2\/pages"}],"about":[{"href":"https:\/\/ernest-altes.net\/en\/wp-json\/wp\/v2\/types\/page"}],"author":[{"embeddable":true,"href":"https:\/\/ernest-altes.net\/en\/wp-json\/wp\/v2\/users\/1"}],"replies":[{"embeddable":true,"href":"https:\/\/ernest-altes.net\/en\/wp-json\/wp\/v2\/comments?post=1348"}],"version-history":[{"count":3,"href":"https:\/\/ernest-altes.net\/en\/wp-json\/wp\/v2\/pages\/1348\/revisions"}],"predecessor-version":[{"id":3377,"href":"https:\/\/ernest-altes.net\/en\/wp-json\/wp\/v2\/pages\/1348\/revisions\/3377"}],"up":[{"embeddable":true,"href":"https:\/\/ernest-altes.net\/en\/wp-json\/wp\/v2\/pages\/1847"}],"wp:attachment":[{"href":"https:\/\/ernest-altes.net\/en\/wp-json\/wp\/v2\/media?parent=1348"}],"curies":[{"name":"wp","href":"https:\/\/api.w.org\/{rel}","templated":true}]}}